{"id":6165,"date":"2021-01-25T16:56:32","date_gmt":"2021-01-25T15:56:32","guid":{"rendered":"http:\/\/habitatgesocial.org\/missio-visio-i-valors\/"},"modified":"2026-08-03T14:33:40","modified_gmt":"2026-08-03T12:33:40","slug":"mision-vision-y-valores","status":"publish","type":"page","link":"https:\/\/habitatgesocial.org\/es\/mision-vision-y-valores\/","title":{"rendered":"Misi\u00f3n, visi\u00f3n y valores"},"content":{"rendered":"\t\t<div data-elementor-type=\"wp-page\" data-elementor-id=\"6165\" class=\"elementor elementor-6165 elementor-720\" data-elementor-post-type=\"page\">\n\t\t\t\t\t\t<section class=\"elementor-section elementor-top-section elementor-element elementor-element-914c9e0 elementor-section-boxed elementor-section-height-default elementor-section-height-default\" data-id=\"914c9e0\" data-element_type=\"section\" data-e-type=\"section\">\n\t\t\t\t\t\t<div class=\"elementor-container elementor-column-gap-default\">\n\t\t\t\t\t<div class=\"elementor-column elementor-col-100 elementor-top-column elementor-element elementor-element-958243d\" data-id=\"958243d\" data-element_type=\"column\" data-e-type=\"column\">\n\t\t\t<div class=\"elementor-widget-wrap\">\n\t\t\t\t\t\t\t<\/div>\n\t\t<\/div>\n\t\t\t\t\t<\/div>\n\t\t<\/section>\n\t\t\t\t<section class=\"elementor-section elementor-top-section elementor-element elementor-element-8b6d115 elementor-section-boxed elementor-section-height-default elementor-section-height-default\" data-id=\"8b6d115\" data-element_type=\"section\" data-e-type=\"section\">\n\t\t\t\t\t\t<div class=\"elementor-container elementor-column-gap-default\">\n\t\t\t\t\t<div class=\"elementor-column elementor-col-100 elementor-top-column elementor-element elementor-element-83543c5\" data-id=\"83543c5\" data-element_type=\"column\" data-e-type=\"column\">\n\t\t\t<div class=\"elementor-widget-wrap elementor-element-populated\">\n\t\t\t\t\t\t<div class=\"elementor-element elementor-element-a86133b elementor-widget elementor-widget-text-editor\" data-id=\"a86133b\" data-element_type=\"widget\" data-e-type=\"widget\" data-widget_type=\"text-editor.default\">\n\t\t\t\t\t\t\t\t\t<p>En la reuni\u00f3n del patronato de la Fundaci\u00f3n, celebrado el 30 de junio de 2026, se decidi\u00f3 actualizar la misi\u00f3n y visi\u00f3n de la entidad para adecuarlos a las nuevas situaciones sociales ya la labor que durante 36 a\u00f1os se ha desarrollado con las familias vulnerabilizadas y en situaci\u00f3n de exclusi\u00f3n residencial.<\/p>\t\t\t\t\t\t\t\t<\/div>\n\t\t\t\t\t<\/div>\n\t\t<\/div>\n\t\t\t\t\t<\/div>\n\t\t<\/section>\n\t\t\t\t<section class=\"elementor-section elementor-top-section elementor-element elementor-element-cc19302 elementor-section-boxed elementor-section-height-default elementor-section-height-default\" data-id=\"cc19302\" data-element_type=\"section\" data-e-type=\"section\">\n\t\t\t\t\t\t<div class=\"elementor-container elementor-column-gap-default\">\n\t\t\t\t\t<div class=\"elementor-column elementor-col-50 elementor-top-column elementor-element elementor-element-83d52a1\" data-id=\"83d52a1\" data-element_type=\"column\" data-e-type=\"column\">\n\t\t\t<div class=\"elementor-widget-wrap elementor-element-populated\">\n\t\t\t\t\t\t<div class=\"elementor-element elementor-element-4aa90f1 elementor-widget elementor-widget-image\" data-id=\"4aa90f1\" data-element_type=\"widget\" data-e-type=\"widget\" data-widget_type=\"image.default\">\n\t\t\t\t\t\t\t\t\t\t\t\t\t\t\t<img loading=\"lazy\" decoding=\"async\" width=\"862\" height=\"718\" src=\"https:\/\/habitatgesocial.org\/wp-content\/uploads\/2026\/07\/hand-holding-hand-solid-full-1024x853.png\" class=\"attachment-large size-large wp-image-16414\" alt=\"\" srcset=\"https:\/\/habitatgesocial.org\/wp-content\/uploads\/2026\/07\/hand-holding-hand-solid-full-1024x853.png 1024w, https:\/\/habitatgesocial.org\/wp-content\/uploads\/2026\/07\/hand-holding-hand-solid-full-300x250.png 300w, https:\/\/habitatgesocial.org\/wp-content\/uploads\/2026\/07\/hand-holding-hand-solid-full-768x640.png 768w, https:\/\/habitatgesocial.org\/wp-content\/uploads\/2026\/07\/hand-holding-hand-solid-full-1536x1280.png 1536w, https:\/\/habitatgesocial.org\/wp-content\/uploads\/2026\/07\/hand-holding-hand-solid-full-2048x1707.png 2048w\" sizes=\"auto, (max-width: 862px) 100vw, 862px\" \/>\t\t\t\t\t\t\t\t\t\t\t\t\t\t\t<\/div>\n\t\t\t\t\t<\/div>\n\t\t<\/div>\n\t\t\t\t<div class=\"elementor-column elementor-col-50 elementor-top-column elementor-element elementor-element-98412d9\" data-id=\"98412d9\" data-element_type=\"column\" data-e-type=\"column\">\n\t\t\t<div class=\"elementor-widget-wrap elementor-element-populated\">\n\t\t\t\t\t\t<div class=\"elementor-element elementor-element-f150819 elementor-widget elementor-widget-text-editor\" data-id=\"f150819\" data-element_type=\"widget\" data-e-type=\"widget\" data-widget_type=\"text-editor.default\">\n\t\t\t\t\t\t\t\t\t<h2><strong><span style=\"color: #e0592a;\">Misi\u00f3n<\/span><\/strong><\/h2><p><strong>Generar oportunidades para familias en situaci\u00f3n de vulnerabilidad mediante el acceso a una vivienda de inclusi\u00f3n y acompa\u00f1amiento social.<\/strong><\/p>\t\t\t\t\t\t\t\t<\/div>\n\t\t\t\t\t<\/div>\n\t\t<\/div>\n\t\t\t\t\t<\/div>\n\t\t<\/section>\n\t\t\t\t<section class=\"elementor-section elementor-top-section elementor-element elementor-element-f738c0f elementor-section-boxed elementor-section-height-default elementor-section-height-default\" data-id=\"f738c0f\" data-element_type=\"section\" data-e-type=\"section\">\n\t\t\t\t\t\t<div class=\"elementor-container elementor-column-gap-default\">\n\t\t\t\t\t<div class=\"elementor-column elementor-col-50 elementor-top-column elementor-element elementor-element-27323c6\" data-id=\"27323c6\" data-element_type=\"column\" data-e-type=\"column\">\n\t\t\t<div class=\"elementor-widget-wrap elementor-element-populated\">\n\t\t\t\t\t\t<div class=\"elementor-element elementor-element-dea6169 elementor-widget elementor-widget-image\" data-id=\"dea6169\" data-element_type=\"widget\" data-e-type=\"widget\" data-widget_type=\"image.default\">\n\t\t\t\t\t\t\t\t\t\t\t\t\t\t\t<img loading=\"lazy\" decoding=\"async\" width=\"862\" height=\"862\" src=\"https:\/\/habitatgesocial.org\/wp-content\/uploads\/2026\/07\/building-circle-exclamation-solid-full-1024x1024.png\" class=\"attachment-large size-large wp-image-16415\" alt=\"\" srcset=\"https:\/\/habitatgesocial.org\/wp-content\/uploads\/2026\/07\/building-circle-exclamation-solid-full-1024x1024.png 1024w, https:\/\/habitatgesocial.org\/wp-content\/uploads\/2026\/07\/building-circle-exclamation-solid-full-300x300.png 300w, https:\/\/habitatgesocial.org\/wp-content\/uploads\/2026\/07\/building-circle-exclamation-solid-full-150x150.png 150w, https:\/\/habitatgesocial.org\/wp-content\/uploads\/2026\/07\/building-circle-exclamation-solid-full-768x768.png 768w, https:\/\/habitatgesocial.org\/wp-content\/uploads\/2026\/07\/building-circle-exclamation-solid-full-1536x1536.png 1536w, https:\/\/habitatgesocial.org\/wp-content\/uploads\/2026\/07\/building-circle-exclamation-solid-full-2048x2048.png 2048w\" sizes=\"auto, (max-width: 862px) 100vw, 862px\" \/>\t\t\t\t\t\t\t\t\t\t\t\t\t\t\t<\/div>\n\t\t\t\t\t<\/div>\n\t\t<\/div>\n\t\t\t\t<div class=\"elementor-column elementor-col-50 elementor-top-column elementor-element elementor-element-599c1ed\" data-id=\"599c1ed\" data-element_type=\"column\" data-e-type=\"column\">\n\t\t\t<div class=\"elementor-widget-wrap elementor-element-populated\">\n\t\t\t\t\t\t<div class=\"elementor-element elementor-element-fdd261a elementor-widget elementor-widget-text-editor\" data-id=\"fdd261a\" data-element_type=\"widget\" data-e-type=\"widget\" data-widget_type=\"text-editor.default\">\n\t\t\t\t\t\t\t\t\t<h2><strong><span style=\"color: #e0592a;\">Visi\u00f3<\/span><\/strong><\/h2><p><strong>Una sociedad donde todas las personas puedan acceder a una vivienda digna como base para poder construir su proyecto vital.<\/strong><\/p>\t\t\t\t\t\t\t\t<\/div>\n\t\t\t\t\t<\/div>\n\t\t<\/div>\n\t\t\t\t\t<\/div>\n\t\t<\/section>\n\t\t\t\t<section class=\"elementor-section elementor-top-section elementor-element elementor-element-356d20f elementor-section-boxed elementor-section-height-default elementor-section-height-default\" data-id=\"356d20f\" data-element_type=\"section\" data-e-type=\"section\">\n\t\t\t\t\t\t<div class=\"elementor-container elementor-column-gap-default\">\n\t\t\t\t\t<div class=\"elementor-column elementor-col-100 elementor-top-column elementor-element elementor-element-cf52f2b\" data-id=\"cf52f2b\" data-element_type=\"column\" data-e-type=\"column\">\n\t\t\t<div class=\"elementor-widget-wrap\">\n\t\t\t\t\t\t\t<\/div>\n\t\t<\/div>\n\t\t\t\t\t<\/div>\n\t\t<\/section>\n\t\t\t\t<section class=\"elementor-section elementor-top-section elementor-element elementor-element-eb06bc3 elementor-section-boxed elementor-section-height-default elementor-section-height-default\" data-id=\"eb06bc3\" data-element_type=\"section\" data-e-type=\"section\">\n\t\t\t\t\t\t<div class=\"elementor-container elementor-column-gap-no\">\n\t\t\t\t\t<div class=\"elementor-column elementor-col-100 elementor-top-column elementor-element elementor-element-bb2e165\" data-id=\"bb2e165\" data-element_type=\"column\" data-e-type=\"column\">\n\t\t\t<div class=\"elementor-widget-wrap elementor-element-populated\">\n\t\t\t\t\t\t<div class=\"elementor-element elementor-element-9df76f0 elementor-widget elementor-widget-image\" data-id=\"9df76f0\" data-element_type=\"widget\" data-e-type=\"widget\" data-widget_type=\"image.default\">\n\t\t\t\t\t\t\t\t\t\t\t\t\t\t\t<img loading=\"lazy\" decoding=\"async\" width=\"2560\" height=\"1338\" src=\"https:\/\/habitatgesocial.org\/wp-content\/uploads\/2022\/11\/20221027webequiplaura-pujol-scaled.jpg\" class=\"attachment-full size-full wp-image-8533\" alt=\"\" srcset=\"https:\/\/habitatgesocial.org\/wp-content\/uploads\/2022\/11\/20221027webequiplaura-pujol-scaled.jpg 2560w, https:\/\/habitatgesocial.org\/wp-content\/uploads\/2022\/11\/20221027webequiplaura-pujol-300x157.jpg 300w, https:\/\/habitatgesocial.org\/wp-content\/uploads\/2022\/11\/20221027webequiplaura-pujol-1024x535.jpg 1024w, https:\/\/habitatgesocial.org\/wp-content\/uploads\/2022\/11\/20221027webequiplaura-pujol-768x401.jpg 768w, https:\/\/habitatgesocial.org\/wp-content\/uploads\/2022\/11\/20221027webequiplaura-pujol-1536x803.jpg 1536w, https:\/\/habitatgesocial.org\/wp-content\/uploads\/2022\/11\/20221027webequiplaura-pujol-2048x1070.jpg 2048w\" sizes=\"auto, (max-width: 2560px) 100vw, 2560px\" \/>\t\t\t\t\t\t\t\t\t\t\t\t\t\t\t<\/div>\n\t\t\t\t\t<\/div>\n\t\t<\/div>\n\t\t\t\t\t<\/div>\n\t\t<\/section>\n\t\t\t\t<section class=\"elementor-section elementor-top-section elementor-element elementor-element-6b17801 elementor-section-boxed elementor-section-height-default elementor-section-height-default\" data-id=\"6b17801\" data-element_type=\"section\" data-e-type=\"section\">\n\t\t\t\t\t\t<div class=\"elementor-container elementor-column-gap-default\">\n\t\t\t\t\t<div class=\"elementor-column elementor-col-100 elementor-top-column elementor-element elementor-element-480d4d7\" data-id=\"480d4d7\" data-element_type=\"column\" data-e-type=\"column\">\n\t\t\t<div class=\"elementor-widget-wrap elementor-element-populated\">\n\t\t\t\t\t\t<div class=\"elementor-element elementor-element-d291030 elementor-widget elementor-widget-text-editor\" data-id=\"d291030\" data-element_type=\"widget\" data-e-type=\"widget\" data-widget_type=\"text-editor.default\">\n\t\t\t\t\t\t\t\t\t<p>En la reuni\u00f3 del patronat de la Fundaci\u00f3, celebrat el 30 de juny de 2026, es va decidir actualitzar la missi\u00f3 i la visi\u00f3 de l&#8217;entitat per adequar-los a les noves situacions socials i a la tasca que durant 36 s&#8217;ha desenvolupat amb les fam\u00edlies vulnerabilitzades i en situaci\u00f3 d&#8217;exclusi\u00f3 residencial.<\/p>\t\t\t\t\t\t\t\t<\/div>\n\t\t\t\t\t<\/div>\n\t\t<\/div>\n\t\t\t\t\t<\/div>\n\t\t<\/section>\n\t\t\t\t<section class=\"elementor-section elementor-top-section elementor-element elementor-element-813970b elementor-section-boxed elementor-section-height-default elementor-section-height-default\" data-id=\"813970b\" data-element_type=\"section\" data-e-type=\"section\">\n\t\t\t\t\t\t<div class=\"elementor-container elementor-column-gap-no\">\n\t\t\t\t\t<div class=\"elementor-column elementor-col-100 elementor-top-column elementor-element elementor-element-f6ee06a\" data-id=\"f6ee06a\" data-element_type=\"column\" data-e-type=\"column\">\n\t\t\t<div class=\"elementor-widget-wrap elementor-element-populated\">\n\t\t\t\t\t\t<div class=\"elementor-element elementor-element-159b66c elementor-widget elementor-widget-text-editor\" data-id=\"159b66c\" data-element_type=\"widget\" data-e-type=\"widget\" data-widget_type=\"text-editor.default\">\n\t\t\t\t\t\t\t\t\t<p>La Fundaci\u00f3n trabaja bajo <strong>los principios<\/strong> de cooperaci\u00f3n, de no discriminaci\u00f3n por ninguna circunstancia o creencia, la sensibilizaci\u00f3n social, la eficiencia de profesionales y voluntarios, la calidad de nuestros recursos y la sostenibilidad del proyecto de forma aut\u00f3noma a lo largo del tiempo.<\/p><\/p>\n\t\t\t\t\t\t\t\t<\/div>\n\t\t\t\t\t<\/div>\n\t\t<\/div>\n\t\t\t\t\t<\/div>\n\t\t<\/section>\n\t\t\t\t<section class=\"elementor-section elementor-top-section elementor-element elementor-element-576b866 elementor-section-boxed elementor-section-height-default elementor-section-height-default\" data-id=\"576b866\" data-element_type=\"section\" data-e-type=\"section\">\n\t\t\t\t\t\t<div class=\"elementor-container elementor-column-gap-default\">\n\t\t\t\t\t<div class=\"elementor-column elementor-col-50 elementor-top-column elementor-element elementor-element-16b8d1e\" data-id=\"16b8d1e\" data-element_type=\"column\" data-e-type=\"column\">\n\t\t\t<div class=\"elementor-widget-wrap elementor-element-populated\">\n\t\t\t\t\t\t<div class=\"elementor-element elementor-element-b894395 elementor-widget elementor-widget-image\" data-id=\"b894395\" data-element_type=\"widget\" data-e-type=\"widget\" data-widget_type=\"image.default\">\n\t\t\t\t\t\t\t\t\t\t\t\t\t\t\t<img loading=\"lazy\" decoding=\"async\" width=\"67\" height=\"58\" src=\"https:\/\/habitatgesocial.org\/wp-content\/uploads\/2025\/01\/equip.png\" class=\"attachment-large size-large wp-image-13982\" alt=\"\" \/>\t\t\t\t\t\t\t\t\t\t\t\t\t\t\t<\/div>\n\t\t\t\t\t<\/div>\n\t\t<\/div>\n\t\t\t\t<div class=\"elementor-column elementor-col-50 elementor-top-column elementor-element elementor-element-ac22466\" data-id=\"ac22466\" data-element_type=\"column\" data-e-type=\"column\">\n\t\t\t<div class=\"elementor-widget-wrap elementor-element-populated\">\n\t\t\t\t\t\t<div class=\"elementor-element elementor-element-63a7300 elementor-widget elementor-widget-text-editor\" data-id=\"63a7300\" data-element_type=\"widget\" data-e-type=\"widget\" data-widget_type=\"text-editor.default\">\n\t\t\t\t\t\t\t\t\t<h2><strong><span style=\"color: #e0592a;\">Trabajamos para las personas<\/span><\/strong><\/h2>\n<p>con una situaci\u00f3n de ingresos precarios e irregulares. La prevenci\u00f3n de la desprotecci\u00f3n de los ni\u00f1os es preferente<br \/> respecto de cualquier otra situaci\u00f3n.<\/p>\n\t\t\t\t\t\t\t\t<\/div>\n\t\t\t\t\t<\/div>\n\t\t<\/div>\n\t\t\t\t\t<\/div>\n\t\t<\/section>\n\t\t\t\t<section class=\"elementor-section elementor-top-section elementor-element elementor-element-3f864bf elementor-section-boxed elementor-section-height-default elementor-section-height-default\" data-id=\"3f864bf\" data-element_type=\"section\" data-e-type=\"section\">\n\t\t\t\t\t\t<div class=\"elementor-container elementor-column-gap-default\">\n\t\t\t\t\t<div class=\"elementor-column elementor-col-50 elementor-top-column elementor-element elementor-element-e4cdffe\" data-id=\"e4cdffe\" data-element_type=\"column\" data-e-type=\"column\">\n\t\t\t<div class=\"elementor-widget-wrap elementor-element-populated\">\n\t\t\t\t\t\t<div class=\"elementor-element elementor-element-86dfec4 elementor-widget elementor-widget-image\" data-id=\"86dfec4\" data-element_type=\"widget\" data-e-type=\"widget\" data-widget_type=\"image.default\">\n\t\t\t\t\t\t\t\t\t\t\t\t\t\t\t<img loading=\"lazy\" decoding=\"async\" width=\"50\" height=\"48\" src=\"https:\/\/habitatgesocial.org\/wp-content\/uploads\/2025\/01\/carites.png\" class=\"attachment-large size-large wp-image-14002\" alt=\"\" \/>\t\t\t\t\t\t\t\t\t\t\t\t\t\t\t<\/div>\n\t\t\t\t\t<\/div>\n\t\t<\/div>\n\t\t\t\t<div class=\"elementor-column elementor-col-50 elementor-top-column elementor-element elementor-element-c0d7647\" data-id=\"c0d7647\" data-element_type=\"column\" data-e-type=\"column\">\n\t\t\t<div class=\"elementor-widget-wrap elementor-element-populated\">\n\t\t\t\t\t\t<div class=\"elementor-element elementor-element-0229a82 elementor-widget elementor-widget-text-editor\" data-id=\"0229a82\" data-element_type=\"widget\" data-e-type=\"widget\" data-widget_type=\"text-editor.default\">\n\t\t\t\t\t\t\t\t\t<h2><strong><span style=\"color: #e0592a;\">Trabajamos prioritariamente con C\u00e1ritas Diocesana de Barcelona, \u200b\u200bSant Feliu y Terrassa<\/span><\/strong><\/h2>\n<p>Es importante conocer las situaciones y dificultades que tienen las familias que atendemos para encontrar soluciones conjuntamente con ellas, ofrecer alternativas para superar las situaciones m\u00e1s desfavorables y que el recurso ofrecido se adapte a las necesidades no cubiertas.<\/p>\n\t\t\t\t\t\t\t\t<\/div>\n\t\t\t\t\t<\/div>\n\t\t<\/div>\n\t\t\t\t\t<\/div>\n\t\t<\/section>\n\t\t\t\t<section class=\"elementor-section elementor-top-section elementor-element elementor-element-a7d47fb elementor-section-boxed elementor-section-height-default elementor-section-height-default\" data-id=\"a7d47fb\" data-element_type=\"section\" data-e-type=\"section\">\n\t\t\t\t\t\t<div class=\"elementor-container elementor-column-gap-default\">\n\t\t\t\t\t<div class=\"elementor-column elementor-col-50 elementor-top-column elementor-element elementor-element-b9f6c97\" data-id=\"b9f6c97\" data-element_type=\"column\" data-e-type=\"column\">\n\t\t\t<div class=\"elementor-widget-wrap elementor-element-populated\">\n\t\t\t\t\t\t<div class=\"elementor-element elementor-element-491f022 elementor-widget elementor-widget-image\" data-id=\"491f022\" data-element_type=\"widget\" data-e-type=\"widget\" data-widget_type=\"image.default\">\n\t\t\t\t\t\t\t\t\t\t\t\t\t\t\t<img loading=\"lazy\" decoding=\"async\" width=\"46\" height=\"57\" src=\"https:\/\/habitatgesocial.org\/wp-content\/uploads\/2025\/01\/puny.png\" class=\"attachment-large size-large wp-image-13976\" alt=\"\" \/>\t\t\t\t\t\t\t\t\t\t\t\t\t\t\t<\/div>\n\t\t\t\t\t<\/div>\n\t\t<\/div>\n\t\t\t\t<div class=\"elementor-column elementor-col-50 elementor-top-column elementor-element elementor-element-820b866\" data-id=\"820b866\" data-element_type=\"column\" data-e-type=\"column\">\n\t\t\t<div class=\"elementor-widget-wrap elementor-element-populated\">\n\t\t\t\t\t\t<div class=\"elementor-element elementor-element-cb43ab3 elementor-widget elementor-widget-text-editor\" data-id=\"cb43ab3\" data-element_type=\"widget\" data-e-type=\"widget\" data-widget_type=\"text-editor.default\">\n\t\t\t\t\t\t\t\t\t<h2><strong><span style=\"color: #e0592a;\">Trabajamos para la independencia y la autonom\u00eda de las personas<\/span><\/strong><\/h2>\n<p><span class=\"elementor-icon-list-text elementor-inline-editing pen\" contenteditable=\"true\" spellcheck=\"false\" data-elementor-setting-key=\"icon_list.2.text\" data-pen-placeholder=\"Escriviu aqu\u00ed...\" data-lt-tmp-id=\"lt-524864\" data-gramm=\"false\">La vivienda se entiende como un espacio de punto de partida para reiniciar procesos personales de inclusi\u00f3n social, acercando la realidad normalizada al d\u00eda a d\u00eda de las personas.<\/span><\/p>\n\t\t\t\t\t\t\t\t<\/div>\n\t\t\t\t\t<\/div>\n\t\t<\/div>\n\t\t\t\t\t<\/div>\n\t\t<\/section>\n\t\t\t\t<section class=\"elementor-section elementor-top-section elementor-element elementor-element-d2752d6 elementor-section-boxed elementor-section-height-default elementor-section-height-default\" data-id=\"d2752d6\" data-element_type=\"section\" data-e-type=\"section\">\n\t\t\t\t\t\t<div class=\"elementor-container elementor-column-gap-default\">\n\t\t\t\t\t<div class=\"elementor-column elementor-col-50 elementor-top-column elementor-element elementor-element-7af4e8d\" data-id=\"7af4e8d\" data-element_type=\"column\" data-e-type=\"column\">\n\t\t\t<div class=\"elementor-widget-wrap elementor-element-populated\">\n\t\t\t\t\t\t<div class=\"elementor-element elementor-element-2f4f342 elementor-widget elementor-widget-image\" data-id=\"2f4f342\" data-element_type=\"widget\" data-e-type=\"widget\" data-widget_type=\"image.default\">\n\t\t\t\t\t\t\t\t\t\t\t\t\t\t\t<img loading=\"lazy\" decoding=\"async\" width=\"67\" height=\"56\" src=\"https:\/\/habitatgesocial.org\/wp-content\/uploads\/2025\/01\/pisos.png\" class=\"attachment-large size-large wp-image-13978\" alt=\"\" \/>\t\t\t\t\t\t\t\t\t\t\t\t\t\t\t<\/div>\n\t\t\t\t\t<\/div>\n\t\t<\/div>\n\t\t\t\t<div class=\"elementor-column elementor-col-50 elementor-top-column elementor-element elementor-element-c718b21\" data-id=\"c718b21\" data-element_type=\"column\" data-e-type=\"column\">\n\t\t\t<div class=\"elementor-widget-wrap elementor-element-populated\">\n\t\t\t\t\t\t<div class=\"elementor-element elementor-element-3e2db18 elementor-widget elementor-widget-text-editor\" data-id=\"3e2db18\" data-element_type=\"widget\" data-e-type=\"widget\" data-widget_type=\"text-editor.default\">\n\t\t\t\t\t\t\t\t\t<h2><strong><span style=\"color: #e0592a;\">Trabajamos por un parque propio de viviendas de calidad<\/span><\/strong><\/h2>\n<p><span class=\"elementor-icon-list-text elementor-inline-editing pen\" contenteditable=\"true\" spellcheck=\"false\" data-elementor-setting-key=\"icon_list.3.text\" data-pen-placeholder=\"Escriviu aqu\u00ed...\" data-lt-tmp-id=\"lt-107665\" data-gramm=\"false\">Esta situaci\u00f3n permite que la Fundaci\u00f3n sea m\u00e1s aut\u00f3noma respecto a las fluctuaciones del mercado inmobiliario y posibilita ofrecer alquileres a precios reducidos.<\/span><\/p>\n\t\t\t\t\t\t\t\t<\/div>\n\t\t\t\t\t<\/div>\n\t\t<\/div>\n\t\t\t\t\t<\/div>\n\t\t<\/section>\n\t\t\t\t<section class=\"elementor-section elementor-top-section elementor-element elementor-element-f9f3b0c elementor-section-boxed elementor-section-height-default elementor-section-height-default\" data-id=\"f9f3b0c\" data-element_type=\"section\" data-e-type=\"section\">\n\t\t\t\t\t\t<div class=\"elementor-container elementor-column-gap-default\">\n\t\t\t\t\t<div class=\"elementor-column elementor-col-50 elementor-top-column elementor-element elementor-element-15a1448\" data-id=\"15a1448\" data-element_type=\"column\" data-e-type=\"column\">\n\t\t\t<div class=\"elementor-widget-wrap elementor-element-populated\">\n\t\t\t\t\t\t<div class=\"elementor-element elementor-element-806f3cf elementor-widget elementor-widget-image\" data-id=\"806f3cf\" data-element_type=\"widget\" data-e-type=\"widget\" data-widget_type=\"image.default\">\n\t\t\t\t\t\t\t\t\t\t\t\t\t\t\t<img loading=\"lazy\" decoding=\"async\" width=\"56\" height=\"56\" src=\"https:\/\/habitatgesocial.org\/wp-content\/uploads\/2025\/01\/mon.png\" class=\"attachment-large size-large wp-image-13980\" alt=\"\" \/>\t\t\t\t\t\t\t\t\t\t\t\t\t\t\t<\/div>\n\t\t\t\t\t<\/div>\n\t\t<\/div>\n\t\t\t\t<div class=\"elementor-column elementor-col-50 elementor-top-column elementor-element elementor-element-2a50aa0\" data-id=\"2a50aa0\" data-element_type=\"column\" data-e-type=\"column\">\n\t\t\t<div class=\"elementor-widget-wrap elementor-element-populated\">\n\t\t\t\t\t\t<div class=\"elementor-element elementor-element-361b1d4 elementor-widget elementor-widget-text-editor\" data-id=\"361b1d4\" data-element_type=\"widget\" data-e-type=\"widget\" data-widget_type=\"text-editor.default\">\n\t\t\t\t\t\t\t\t\t<h2><strong><span style=\"color: #e0592a;\">Trabajamos en red<\/span><\/strong><\/h2>\n<p><span class=\"elementor-icon-list-text elementor-inline-editing pen\" contenteditable=\"true\" spellcheck=\"false\" data-elementor-setting-key=\"icon_list.4.text\" data-pen-placeholder=\"Escriviu aqu\u00ed...\" data-lt-tmp-id=\"lt-269429\" data-gramm=\"false\">con otras entidades, agentes sociales y con la Administraci\u00f3n para aprovechar las sinergias que se producen cuando se trabaja conjuntamente con un modelo comunitario, rentabilizando esfuerzos y recursos<\/span><\/p>\n\t\t\t\t\t\t\t\t<\/div>\n\t\t\t\t\t<\/div>\n\t\t<\/div>\n\t\t\t\t\t<\/div>\n\t\t<\/section>\n\t\t\t\t<section class=\"elementor-section elementor-top-section elementor-element elementor-element-a3c791b elementor-section-boxed elementor-section-height-default elementor-section-height-default\" data-id=\"a3c791b\" data-element_type=\"section\" data-e-type=\"section\">\n\t\t\t\t\t\t<div class=\"elementor-container elementor-column-gap-default\">\n\t\t\t\t\t<div class=\"elementor-column elementor-col-50 elementor-top-column elementor-element elementor-element-c403b01\" data-id=\"c403b01\" data-element_type=\"column\" data-e-type=\"column\">\n\t\t\t<div class=\"elementor-widget-wrap elementor-element-populated\">\n\t\t\t\t\t\t<div class=\"elementor-element elementor-element-daad40d elementor-widget elementor-widget-image\" data-id=\"daad40d\" data-element_type=\"widget\" data-e-type=\"widget\" data-widget_type=\"image.default\">\n\t\t\t\t\t\t\t\t\t\t\t\t\t\t\t<img loading=\"lazy\" decoding=\"async\" width=\"67\" height=\"58\" src=\"https:\/\/habitatgesocial.org\/wp-content\/uploads\/2025\/01\/equip.png\" class=\"attachment-large size-large wp-image-13982\" alt=\"\" \/>\t\t\t\t\t\t\t\t\t\t\t\t\t\t\t<\/div>\n\t\t\t\t\t<\/div>\n\t\t<\/div>\n\t\t\t\t<div class=\"elementor-column elementor-col-50 elementor-top-column elementor-element elementor-element-e0875dc\" data-id=\"e0875dc\" data-element_type=\"column\" data-e-type=\"column\">\n\t\t\t<div class=\"elementor-widget-wrap elementor-element-populated\">\n\t\t\t\t\t\t<div class=\"elementor-element elementor-element-1c899a7 elementor-widget elementor-widget-text-editor\" data-id=\"1c899a7\" data-element_type=\"widget\" data-e-type=\"widget\" data-widget_type=\"text-editor.default\">\n\t\t\t\t\t\t\t\t\t<h2><strong><span style=\"color: #e0592a;\">Trabajamos en equipo<\/span><\/strong><\/h2>\n<p>y alineados con un objetivo com\u00fan, que es la inclusi\u00f3n social de nuestros usuarios, con un proyecto de calidad humana que potencie la dignidad de las personas.<\/p>\n\t\t\t\t\t\t\t\t<\/div>\n\t\t\t\t\t<\/div>\n\t\t<\/div>\n\t\t\t\t\t<\/div>\n\t\t<\/section>\n\t\t\t\t<section class=\"elementor-section elementor-top-section elementor-element elementor-element-dea592c elementor-section-boxed elementor-section-height-default elementor-section-height-default\" data-id=\"dea592c\" data-element_type=\"section\" data-e-type=\"section\">\n\t\t\t\t\t\t<div class=\"elementor-container elementor-column-gap-default\">\n\t\t\t\t\t<div class=\"elementor-column elementor-col-50 elementor-top-column elementor-element elementor-element-63956de\" data-id=\"63956de\" data-element_type=\"column\" data-e-type=\"column\">\n\t\t\t<div class=\"elementor-widget-wrap elementor-element-populated\">\n\t\t\t\t\t\t<div class=\"elementor-element elementor-element-d650aeb elementor-widget elementor-widget-image\" data-id=\"d650aeb\" data-element_type=\"widget\" data-e-type=\"widget\" data-widget_type=\"image.default\">\n\t\t\t\t\t\t\t\t\t\t\t\t\t\t\t<img loading=\"lazy\" decoding=\"async\" width=\"61\" height=\"56\" src=\"https:\/\/habitatgesocial.org\/wp-content\/uploads\/2025\/01\/voluntariat.png\" class=\"attachment-large size-large wp-image-13984\" alt=\"\" \/>\t\t\t\t\t\t\t\t\t\t\t\t\t\t\t<\/div>\n\t\t\t\t\t<\/div>\n\t\t<\/div>\n\t\t\t\t<div class=\"elementor-column elementor-col-50 elementor-top-column elementor-element elementor-element-422d2e3\" data-id=\"422d2e3\" data-element_type=\"column\" data-e-type=\"column\">\n\t\t\t<div class=\"elementor-widget-wrap elementor-element-populated\">\n\t\t\t\t\t\t<div class=\"elementor-element elementor-element-b1d7944 elementor-widget elementor-widget-text-editor\" data-id=\"b1d7944\" data-element_type=\"widget\" data-e-type=\"widget\" data-widget_type=\"text-editor.default\">\n\t\t\t\t\t\t\t\t\t<h2><strong><span style=\"color: #e0592a;\">Trabajamos para fomentar el voluntariado<\/span><\/strong><\/h2>\n<p><span class=\"elementor-icon-list-text elementor-inline-editing pen\" contenteditable=\"true\" spellcheck=\"false\" data-elementor-setting-key=\"icon_list.6.text\" data-lt-tmp-id=\"lt-121271\" data-gramm=\"false\" data-pen-placeholder=\"Escriviu aqu\u00ed...\">Desde la concepci\u00f3n de que, con el resto de personal asalariado, forma parte del equipo de trabajo de la Fundaci\u00f3n. Son profesionales voluntarios que, con su participaci\u00f3n, se les corresponsabiliza de los diversos proyectos.<\/span><\/p>\n\t\t\t\t\t\t\t\t<\/div>\n\t\t\t\t\t<\/div>\n\t\t<\/div>\n\t\t\t\t\t<\/div>\n\t\t<\/section>\n\t\t\t\t<section class=\"elementor-section elementor-top-section elementor-element elementor-element-935b14b elementor-section-boxed elementor-section-height-default elementor-section-height-default\" data-id=\"935b14b\" data-element_type=\"section\" data-e-type=\"section\">\n\t\t\t\t\t\t<div class=\"elementor-container elementor-column-gap-default\">\n\t\t\t\t\t<div class=\"elementor-column elementor-col-100 elementor-top-column elementor-element elementor-element-ce38f44\" data-id=\"ce38f44\" data-element_type=\"column\" data-e-type=\"column\">\n\t\t\t<div class=\"elementor-widget-wrap\">\n\t\t\t\t\t\t\t<\/div>\n\t\t<\/div>\n\t\t\t\t\t<\/div>\n\t\t<\/section>\n\t\t\t\t<section class=\"elementor-section elementor-top-section elementor-element elementor-element-097642f elementor-section-boxed elementor-section-height-default elementor-section-height-default\" data-id=\"097642f\" data-element_type=\"section\" data-e-type=\"section\">\n\t\t\t\t\t\t<div class=\"elementor-container elementor-column-gap-default\">\n\t\t\t\t\t<div class=\"elementor-column elementor-col-100 elementor-top-column elementor-element elementor-element-e90b438\" data-id=\"e90b438\" data-element_type=\"column\" data-e-type=\"column\">\n\t\t\t<div class=\"elementor-widget-wrap\">\n\t\t\t\t\t\t\t<\/div>\n\t\t<\/div>\n\t\t\t\t\t<\/div>\n\t\t<\/section>\n\t\t\t\t<\/div>\n\t\t","protected":false},"excerpt":{"rendered":"<p>En la reuni\u00f3n del patronato de la Fundaci\u00f3n, celebrado el 30 de junio de 2026, se decidi\u00f3 actualizar la misi\u00f3n y visi\u00f3n de la entidad para adecuarlos a las nuevas situaciones sociales ya la labor que durante 36 a\u00f1os se ha desarrollado con las familias vulnerabilizadas y en situaci\u00f3n de exclusi\u00f3n residencial. Misi\u00f3n Generar oportunidades &#8230; <a title=\"Misi\u00f3n, visi\u00f3n y valores\" class=\"read-more\" href=\"https:\/\/habitatgesocial.org\/es\/mision-vision-y-valores\/\" aria-label=\"Read more about Misi\u00f3n, visi\u00f3n y valores\">Read more<\/a><\/p>\n","protected":false},"author":5,"featured_media":14341,"parent":0,"menu_order":2,"comment_status":"closed","ping_status":"closed","template":"elementor_header_footer","meta":{"footnotes":""},"class_list":["post-6165","page","type-page","status-publish","has-post-thumbnail"],"_links":{"self":[{"href":"https:\/\/habitatgesocial.org\/es\/wp-json\/wp\/v2\/pages\/6165","targetHints":{"allow":["GET"]}}],"collection":[{"href":"https:\/\/habitatgesocial.org\/es\/wp-json\/wp\/v2\/pages"}],"about":[{"href":"https:\/\/habitatgesocial.org\/es\/wp-json\/wp\/v2\/types\/page"}],"author":[{"embeddable":true,"href":"https:\/\/habitatgesocial.org\/es\/wp-json\/wp\/v2\/users\/5"}],"replies":[{"embeddable":true,"href":"https:\/\/habitatgesocial.org\/es\/wp-json\/wp\/v2\/comments?post=6165"}],"version-history":[{"count":11,"href":"https:\/\/habitatgesocial.org\/es\/wp-json\/wp\/v2\/pages\/6165\/revisions"}],"predecessor-version":[{"id":16730,"href":"https:\/\/habitatgesocial.org\/es\/wp-json\/wp\/v2\/pages\/6165\/revisions\/16730"}],"wp:featuredmedia":[{"embeddable":true,"href":"https:\/\/habitatgesocial.org\/es\/wp-json\/wp\/v2\/media\/14341"}],"wp:attachment":[{"href":"https:\/\/habitatgesocial.org\/es\/wp-json\/wp\/v2\/media?parent=6165"}],"curies":[{"name":"wp","href":"https:\/\/api.w.org\/{rel}","templated":true}]}}