{"id":6153,"date":"2021-03-29T18:23:50","date_gmt":"2021-03-29T16:23:50","guid":{"rendered":"http:\/\/habitatgesocial.org\/el-problema-de-lhabitatge\/"},"modified":"2025-02-04T15:48:38","modified_gmt":"2025-02-04T14:48:38","slug":"el-problema-de-la-vivienda","status":"publish","type":"page","link":"https:\/\/habitatgesocial.org\/es\/el-problema-de-la-vivienda\/","title":{"rendered":"El problema de la vivienda"},"content":{"rendered":"\t\t<div data-elementor-type=\"wp-page\" data-elementor-id=\"6153\" class=\"elementor elementor-6153 elementor-2982\" data-elementor-post-type=\"page\">\n\t\t\t\t\t\t<section class=\"elementor-section elementor-top-section elementor-element elementor-element-023795c elementor-section-boxed elementor-section-height-default elementor-section-height-default\" data-id=\"023795c\" data-element_type=\"section\" data-e-type=\"section\">\n\t\t\t\t\t\t<div class=\"elementor-container elementor-column-gap-default\">\n\t\t\t\t\t<div class=\"elementor-column elementor-col-100 elementor-top-column elementor-element elementor-element-8eec623\" data-id=\"8eec623\" data-element_type=\"column\" data-e-type=\"column\">\n\t\t\t<div class=\"elementor-widget-wrap\">\n\t\t\t\t\t\t\t<\/div>\n\t\t<\/div>\n\t\t\t\t\t<\/div>\n\t\t<\/section>\n\t\t\t\t<section class=\"elementor-section elementor-top-section elementor-element elementor-element-6bfd9c5 elementor-section-stretched elementor-section-boxed elementor-section-height-default elementor-section-height-default\" data-id=\"6bfd9c5\" data-element_type=\"section\" data-e-type=\"section\" data-settings=\"{&quot;background_background&quot;:&quot;classic&quot;,&quot;stretch_section&quot;:&quot;section-stretched&quot;,&quot;animation&quot;:&quot;none&quot;}\">\n\t\t\t\t\t\t<div class=\"elementor-container elementor-column-gap-default\">\n\t\t\t\t\t<div class=\"elementor-column elementor-col-50 elementor-top-column elementor-element elementor-element-9f47fc2 elementor-invisible\" data-id=\"9f47fc2\" data-element_type=\"column\" data-e-type=\"column\" data-settings=\"{&quot;animation&quot;:&quot;slideInLeft&quot;}\">\n\t\t\t<div class=\"elementor-widget-wrap elementor-element-populated\">\n\t\t\t\t\t\t<div class=\"elementor-element elementor-element-feada9e elementor-widget elementor-widget-heading\" data-id=\"feada9e\" data-element_type=\"widget\" data-e-type=\"widget\" data-widget_type=\"heading.default\">\n\t\t\t\t\t<h2 class=\"elementor-heading-title elementor-size-default\">El problema de la vivienda<\/h2>\t\t\t\t<\/div>\n\t\t\t\t<div class=\"elementor-element elementor-element-eb0d560 elementor-widget elementor-widget-text-editor\" data-id=\"eb0d560\" data-element_type=\"widget\" data-e-type=\"widget\" data-widget_type=\"text-editor.default\">\n\t\t\t\t\t\t\t\t\t<p>El problema de la vivienda no es algo nuevo. Ya antes de 1978, la f\u00e1cil disposici\u00f3n de cr\u00e9ditos hipotecarios impuls\u00f3 la vivienda de propiedad como modelo a seguir en este sector.<\/p><p>Comprar un piso o una casa se convirti\u00f3 en una f\u00f3rmula de ahorro para un amplio y modesto sector de la sociedad.<\/p><p>As\u00ed pues, \u00bfpor qu\u00e9 desde entonces hay cada vez m\u00e1s familias que viven en viviendas de alquiler? Por un lado, hay familias y personas individuales que alquilan viviendas por principios o para no sentirse atadas a una vivienda, pero tambi\u00e9n las hay que alquilan una vivienda por la imposibilidad de comprar una.<\/p>\t\t\t\t\t\t\t\t<\/div>\n\t\t\t\t\t<\/div>\n\t\t<\/div>\n\t\t\t\t<div class=\"elementor-column elementor-col-50 elementor-top-column elementor-element elementor-element-a9de0e6 elementor-invisible\" data-id=\"a9de0e6\" data-element_type=\"column\" data-e-type=\"column\" data-settings=\"{&quot;animation&quot;:&quot;slideInRight&quot;}\">\n\t\t\t<div class=\"elementor-widget-wrap elementor-element-populated\">\n\t\t\t\t\t\t<div class=\"elementor-element elementor-element-58bf0f0 elementor-widget elementor-widget-image\" data-id=\"58bf0f0\" data-element_type=\"widget\" data-e-type=\"widget\" data-widget_type=\"image.default\">\n\t\t\t\t\t\t\t\t\t\t\t\t<figure class=\"wp-caption\">\n\t\t\t\t\t\t\t\t\t\t<img loading=\"lazy\" decoding=\"async\" width=\"768\" height=\"425\" src=\"https:\/\/habitatgesocial.org\/wp-content\/uploads\/2022\/10\/webelproblemadelhabitge1anc-768x425.jpg\" class=\"attachment-medium_large size-medium_large wp-image-8079\" alt=\"Web_Elproblemadelhabitge 1 Anc\" srcset=\"https:\/\/habitatgesocial.org\/wp-content\/uploads\/2022\/10\/webelproblemadelhabitge1anc-768x425.jpg 768w, https:\/\/habitatgesocial.org\/wp-content\/uploads\/2022\/10\/webelproblemadelhabitge1anc-300x166.jpg 300w, https:\/\/habitatgesocial.org\/wp-content\/uploads\/2022\/10\/webelproblemadelhabitge1anc.jpg 841w\" sizes=\"auto, (max-width: 768px) 100vw, 768px\" \/>\t\t\t\t\t\t\t\t\t\t\t<figcaption class=\"widget-image-caption wp-caption-text\">Bloque de 48 viviendas de alquiler construidas, en el barrio de la Gavarra de Cornell\u00e0 de Llobregat, entre 1963 y 1966. Fondo: Arxiu Nacional de Catalunya<\/figcaption>\n\t\t\t\t\t\t\t\t\t\t<\/figure>\n\t\t\t\t\t\t\t\t\t<\/div>\n\t\t\t\t\t<\/div>\n\t\t<\/div>\n\t\t\t\t\t<\/div>\n\t\t<\/section>\n\t\t\t\t<section class=\"elementor-section elementor-top-section elementor-element elementor-element-2b0115d elementor-section-boxed elementor-section-height-default elementor-section-height-default\" data-id=\"2b0115d\" data-element_type=\"section\" data-e-type=\"section\">\n\t\t\t\t\t\t<div class=\"elementor-container elementor-column-gap-default\">\n\t\t\t\t\t<div class=\"elementor-column elementor-col-100 elementor-top-column elementor-element elementor-element-cd8f99f\" data-id=\"cd8f99f\" data-element_type=\"column\" data-e-type=\"column\">\n\t\t\t<div class=\"elementor-widget-wrap elementor-element-populated\">\n\t\t\t\t\t\t<div class=\"elementor-element elementor-element-7608394 elementor-widget-divider--view-line elementor-widget elementor-widget-divider\" data-id=\"7608394\" data-element_type=\"widget\" data-e-type=\"widget\" data-widget_type=\"divider.default\">\n\t\t\t\t\t\t\t<div class=\"elementor-divider\">\n\t\t\t<span class=\"elementor-divider-separator\">\n\t\t\t\t\t\t<\/span>\n\t\t<\/div>\n\t\t\t\t\t\t<\/div>\n\t\t\t\t<div class=\"elementor-element elementor-element-d9a3a03 elementor-widget elementor-widget-text-editor\" data-id=\"d9a3a03\" data-element_type=\"widget\" data-e-type=\"widget\" data-widget_type=\"text-editor.default\">\n\t\t\t\t\t\t\t\t\t<h2 class=\"elementor-heading-title elementor-size-default elementor-inline-editing pen\" style=\"font-family: var( --e-global-typography-primary-font-family ), Open Sans; font-style: normal; font-weight: var( --e-global-typography-primary-font-weight ); color: var( --e-global-color-secondary );\" data-elementor-setting-key=\"title\" data-pen-placeholder=\"Escriviu aqu\u00ed...\">\u00bfPor qu\u00e9 hay familias que est\u00e1n de alquiler?<\/h2><h2 class=\"elementor-heading-title elementor-size-default elementor-inline-editing pen\" style=\"font-family: var( --e-global-typography-primary-font-family ), Open Sans; font-style: normal; font-weight: var( --e-global-typography-primary-font-weight ); color: var( --e-global-color-secondary );\" data-elementor-setting-key=\"title\" data-pen-placeholder=\"Escriviu aqu\u00ed...\">Muchas lo est\u00e1n porque no pueden comprar.<\/h2>\t\t\t\t\t\t\t\t<\/div>\n\t\t\t\t<div class=\"elementor-element elementor-element-e6a476c elementor-widget-divider--view-line elementor-widget elementor-widget-divider\" data-id=\"e6a476c\" data-element_type=\"widget\" data-e-type=\"widget\" data-widget_type=\"divider.default\">\n\t\t\t\t\t\t\t<div class=\"elementor-divider\">\n\t\t\t<span class=\"elementor-divider-separator\">\n\t\t\t\t\t\t<\/span>\n\t\t<\/div>\n\t\t\t\t\t\t<\/div>\n\t\t\t\t\t<\/div>\n\t\t<\/div>\n\t\t\t\t\t<\/div>\n\t\t<\/section>\n\t\t\t\t<section class=\"elementor-section elementor-top-section elementor-element elementor-element-40243fa elementor-section-boxed elementor-section-height-default elementor-section-height-default\" data-id=\"40243fa\" data-element_type=\"section\" data-e-type=\"section\">\n\t\t\t\t\t\t<div class=\"elementor-container elementor-column-gap-default\">\n\t\t\t\t\t<div class=\"elementor-column elementor-col-100 elementor-top-column elementor-element elementor-element-84fc446\" data-id=\"84fc446\" data-element_type=\"column\" data-e-type=\"column\">\n\t\t\t<div class=\"elementor-widget-wrap elementor-element-populated\">\n\t\t\t\t\t\t<div class=\"elementor-element elementor-element-08be06a elementor-widget elementor-widget-spacer\" data-id=\"08be06a\" data-element_type=\"widget\" data-e-type=\"widget\" data-widget_type=\"spacer.default\">\n\t\t\t\t\t\t\t<div class=\"elementor-spacer\">\n\t\t\t<div class=\"elementor-spacer-inner\"><\/div>\n\t\t<\/div>\n\t\t\t\t\t\t<\/div>\n\t\t\t\t\t<\/div>\n\t\t<\/div>\n\t\t\t\t\t<\/div>\n\t\t<\/section>\n\t\t\t\t<section class=\"elementor-section elementor-top-section elementor-element elementor-element-ae38360 elementor-section-boxed elementor-section-height-default elementor-section-height-default\" data-id=\"ae38360\" data-element_type=\"section\" data-e-type=\"section\" data-settings=\"{&quot;background_background&quot;:&quot;classic&quot;,&quot;animation&quot;:&quot;none&quot;}\">\n\t\t\t\t\t\t<div class=\"elementor-container elementor-column-gap-no\">\n\t\t\t\t\t<div class=\"elementor-column elementor-col-50 elementor-top-column elementor-element elementor-element-85b5ab2 elementor-hidden-mobile\" data-id=\"85b5ab2\" data-element_type=\"column\" data-e-type=\"column\" data-settings=\"{&quot;background_background&quot;:&quot;classic&quot;}\">\n\t\t\t<div class=\"elementor-widget-wrap\">\n\t\t\t\t\t\t\t<\/div>\n\t\t<\/div>\n\t\t\t\t<div class=\"elementor-column elementor-col-50 elementor-top-column elementor-element elementor-element-dd814c7\" data-id=\"dd814c7\" data-element_type=\"column\" data-e-type=\"column\">\n\t\t\t<div class=\"elementor-widget-wrap elementor-element-populated\">\n\t\t\t\t\t\t<div class=\"elementor-element elementor-element-592e06a elementor-widget elementor-widget-text-editor\" data-id=\"592e06a\" data-element_type=\"widget\" data-e-type=\"widget\" data-widget_type=\"text-editor.default\">\n\t\t\t\t\t\t\t\t\t<p>Por otro lado, lo m\u00e1s habitual es que, en las fases de expansi\u00f3n econ\u00f3mica, la pol\u00edtica de viviendas se minimice y los gobiernos dejen que el libre mercado resuelva los problemas de vivienda. As\u00ed pues, el precio de la vivienda de compra ha subido constantemente, se ha incrementado la especulaci\u00f3n inmobiliaria y la situaci\u00f3n ha marcado las pol\u00edticas de ingresos y gastos de ayuntamientos y otras administraciones. El Estado ha intervenido solo cuando el sector de la construcci\u00f3n ha empezado a mostrar signos de debilidad.<\/p><p>La crisis de 2008, tras a\u00f1os de pol\u00edticas de vivienda de m\u00ednimos, puso a todo el mundo en alerta. Hasta entonces, los impagos de los pr\u00e9stamos por parte de la propiedad solo hab\u00edan planteado problemas a las entidades de cr\u00e9dito. La nueva crisis lo trastoc\u00f3 todo.<\/p><p>Desde entonces, primero los desahucios a la propiedad y luego los desahucios a las personas inquilinas han llevado a miles de familias a una situaci\u00f3n de insolvencia y quiebra econ\u00f3mica. Y el Estado no ha dado soluciones al problema.<\/p>\t\t\t\t\t\t\t\t<\/div>\n\t\t\t\t\t<\/div>\n\t\t<\/div>\n\t\t\t\t\t<\/div>\n\t\t<\/section>\n\t\t\t\t<section class=\"elementor-section elementor-top-section elementor-element elementor-element-2e7241c elementor-section-boxed elementor-section-height-default elementor-section-height-default\" data-id=\"2e7241c\" data-element_type=\"section\" data-e-type=\"section\" data-settings=\"{&quot;background_background&quot;:&quot;classic&quot;,&quot;animation&quot;:&quot;none&quot;}\">\n\t\t\t\t\t\t<div class=\"elementor-container elementor-column-gap-no\">\n\t\t\t\t\t<div class=\"elementor-column elementor-col-50 elementor-top-column elementor-element elementor-element-bdc0528\" data-id=\"bdc0528\" data-element_type=\"column\" data-e-type=\"column\">\n\t\t\t<div class=\"elementor-widget-wrap elementor-element-populated\">\n\t\t\t\t\t\t<div class=\"elementor-element elementor-element-71275a3 elementor-widget elementor-widget-text-editor\" data-id=\"71275a3\" data-element_type=\"widget\" data-e-type=\"widget\" data-widget_type=\"text-editor.default\">\n\t\t\t\t\t\t\t\t\t<p>Desde entonces, primero los desahucios a la propiedad y luego los desahucios a las personas inquilinas han llevado a miles de familias a una situaci\u00f3n de insolvencia y quiebra econ\u00f3mica. Y el Estado no ha dado soluciones al problema.<\/p><p>Durante el periodo 2004-2009, se construyeron entre 50.000 y 70.000 viviendas protegidas al a\u00f1o. A partir de 2011, y especialmente desde 2013, las cifras de las viviendas protegidas no solo disminuyeron, sino que se desplomaron espectacularmente: 4.983 pisos en 2017 y 5.167 en 2018\u2026 \u00a1en toda Espa\u00f1a!<\/p><p>Los ajustes presupuestarios nos han conducido a los peores resultados en pol\u00edtica de vivienda desde 1950.<\/p>\t\t\t\t\t\t\t\t<\/div>\n\t\t\t\t\t<\/div>\n\t\t<\/div>\n\t\t\t\t<div class=\"elementor-column elementor-col-50 elementor-top-column elementor-element elementor-element-d48ab7b\" data-id=\"d48ab7b\" data-element_type=\"column\" data-e-type=\"column\" data-settings=\"{&quot;background_background&quot;:&quot;classic&quot;}\">\n\t\t\t<div class=\"elementor-widget-wrap elementor-element-populated\">\n\t\t\t\t\t\t\t<\/div>\n\t\t<\/div>\n\t\t\t\t\t<\/div>\n\t\t<\/section>\n\t\t\t\t<section class=\"elementor-section elementor-top-section elementor-element elementor-element-d4c008c animated-slow elementor-section-boxed elementor-section-height-default elementor-section-height-default\" data-id=\"d4c008c\" data-element_type=\"section\" data-e-type=\"section\" data-settings=\"{&quot;background_background&quot;:&quot;classic&quot;,&quot;animation&quot;:&quot;none&quot;}\">\n\t\t\t\t\t\t<div class=\"elementor-container elementor-column-gap-default\">\n\t\t\t\t\t<div class=\"elementor-column elementor-col-100 elementor-top-column elementor-element elementor-element-6267b6f\" data-id=\"6267b6f\" data-element_type=\"column\" data-e-type=\"column\">\n\t\t\t<div class=\"elementor-widget-wrap elementor-element-populated\">\n\t\t\t\t\t\t<div class=\"elementor-element elementor-element-394b1d1 elementor-widget elementor-widget-heading\" data-id=\"394b1d1\" data-element_type=\"widget\" data-e-type=\"widget\" data-widget_type=\"heading.default\">\n\t\t\t\t\t<h2 class=\"elementor-heading-title elementor-size-default\">El mercado de la vivienda de alquiler en la actualidad<\/h2>\t\t\t\t<\/div>\n\t\t\t\t<div class=\"elementor-element elementor-element-707e5a5 elementor-widget-divider--view-line elementor-widget elementor-widget-divider\" data-id=\"707e5a5\" data-element_type=\"widget\" data-e-type=\"widget\" data-widget_type=\"divider.default\">\n\t\t\t\t\t\t\t<div class=\"elementor-divider\">\n\t\t\t<span class=\"elementor-divider-separator\">\n\t\t\t\t\t\t<\/span>\n\t\t<\/div>\n\t\t\t\t\t\t<\/div>\n\t\t\t\t\t<\/div>\n\t\t<\/div>\n\t\t\t\t\t<\/div>\n\t\t<\/section>\n\t\t\t\t<section class=\"elementor-section elementor-top-section elementor-element elementor-element-e746bf3 elementor-section-boxed elementor-section-height-default elementor-section-height-default\" data-id=\"e746bf3\" data-element_type=\"section\" data-e-type=\"section\">\n\t\t\t\t\t\t<div class=\"elementor-container elementor-column-gap-no\">\n\t\t\t\t\t<div class=\"elementor-column elementor-col-100 elementor-top-column elementor-element elementor-element-c3cab97\" data-id=\"c3cab97\" data-element_type=\"column\" data-e-type=\"column\">\n\t\t\t<div class=\"elementor-widget-wrap elementor-element-populated\">\n\t\t\t\t\t\t<div class=\"elementor-element elementor-element-1c2f1a2 elementor-widget elementor-widget-text-editor\" data-id=\"1c2f1a2\" data-element_type=\"widget\" data-e-type=\"widget\" data-widget_type=\"text-editor.default\">\n\t\t\t\t\t\t\t\t\t<p>As\u00ed las cosas, miles de personas se han sumado al colectivo de quienes no pueden comprar una vivienda y se ven obligadas a vivir de alquiler. Pero \u00bfqu\u00e9 ha pasado con el precio de los pisos de alquiler? Pues que, a causa del aumento de la demanda, entre otros motivos, se ha disparado hasta l\u00edmites insospechados.<\/p>\t\t\t\t\t\t\t\t<\/div>\n\t\t\t\t<section class=\"elementor-section elementor-inner-section elementor-element elementor-element-d3a6327 elementor-section-boxed elementor-section-height-default elementor-section-height-default\" data-id=\"d3a6327\" data-element_type=\"section\" data-e-type=\"section\">\n\t\t\t\t\t\t<div class=\"elementor-container elementor-column-gap-default\">\n\t\t\t\t\t<div class=\"elementor-column elementor-col-50 elementor-inner-column elementor-element elementor-element-b5f398f\" data-id=\"b5f398f\" data-element_type=\"column\" data-e-type=\"column\">\n\t\t\t<div class=\"elementor-widget-wrap elementor-element-populated\">\n\t\t\t\t\t\t<div class=\"elementor-element elementor-element-ce6c4b6 elementor-widget elementor-widget-image\" data-id=\"ce6c4b6\" data-element_type=\"widget\" data-e-type=\"widget\" data-widget_type=\"image.default\">\n\t\t\t\t\t\t\t\t\t\t\t\t<figure class=\"wp-caption\">\n\t\t\t\t\t\t\t\t\t\t<img loading=\"lazy\" decoding=\"async\" width=\"857\" height=\"1024\" src=\"https:\/\/habitatgesocial.org\/wp-content\/uploads\/2023\/02\/mapamercatlloguer2012castella-1-857x1024.jpg\" class=\"attachment-large size-large wp-image-9433\" alt=\"\" srcset=\"https:\/\/habitatgesocial.org\/wp-content\/uploads\/2023\/02\/mapamercatlloguer2012castella-1-857x1024.jpg 857w, https:\/\/habitatgesocial.org\/wp-content\/uploads\/2023\/02\/mapamercatlloguer2012castella-1-251x300.jpg 251w, https:\/\/habitatgesocial.org\/wp-content\/uploads\/2023\/02\/mapamercatlloguer2012castella-1-768x918.jpg 768w, https:\/\/habitatgesocial.org\/wp-content\/uploads\/2023\/02\/mapamercatlloguer2012castella-1-1285x1536.jpg 1285w, https:\/\/habitatgesocial.org\/wp-content\/uploads\/2023\/02\/mapamercatlloguer2012castella-1-1714x2048.jpg 1714w\" sizes=\"auto, (max-width: 857px) 100vw, 857px\" \/>\t\t\t\t\t\t\t\t\t\t\t<figcaption class=\"widget-image-caption wp-caption-text\">2012 - Datos Idescat<\/figcaption>\n\t\t\t\t\t\t\t\t\t\t<\/figure>\n\t\t\t\t\t\t\t\t\t<\/div>\n\t\t\t\t\t<\/div>\n\t\t<\/div>\n\t\t\t\t<div class=\"elementor-column elementor-col-50 elementor-inner-column elementor-element elementor-element-e6018d0\" data-id=\"e6018d0\" data-element_type=\"column\" data-e-type=\"column\">\n\t\t\t<div class=\"elementor-widget-wrap elementor-element-populated\">\n\t\t\t\t\t\t<div class=\"elementor-element elementor-element-9f42c4b elementor-widget elementor-widget-image\" data-id=\"9f42c4b\" data-element_type=\"widget\" data-e-type=\"widget\" data-widget_type=\"image.default\">\n\t\t\t\t\t\t\t\t\t\t\t\t<figure class=\"wp-caption\">\n\t\t\t\t\t\t\t\t\t\t<img loading=\"lazy\" decoding=\"async\" width=\"857\" height=\"1024\" src=\"https:\/\/habitatgesocial.org\/wp-content\/uploads\/2023\/02\/mapamercatlloguer2012castella-857x1024.jpg\" class=\"attachment-large size-large wp-image-9435\" alt=\"\" srcset=\"https:\/\/habitatgesocial.org\/wp-content\/uploads\/2023\/02\/mapamercatlloguer2012castella-857x1024.jpg 857w, https:\/\/habitatgesocial.org\/wp-content\/uploads\/2023\/02\/mapamercatlloguer2012castella-251x300.jpg 251w, https:\/\/habitatgesocial.org\/wp-content\/uploads\/2023\/02\/mapamercatlloguer2012castella-768x918.jpg 768w, https:\/\/habitatgesocial.org\/wp-content\/uploads\/2023\/02\/mapamercatlloguer2012castella-1285x1536.jpg 1285w, https:\/\/habitatgesocial.org\/wp-content\/uploads\/2023\/02\/mapamercatlloguer2012castella-1714x2048.jpg 1714w\" sizes=\"auto, (max-width: 857px) 100vw, 857px\" \/>\t\t\t\t\t\t\t\t\t\t\t<figcaption class=\"widget-image-caption wp-caption-text\">2022 - Datos Idescat<\/figcaption>\n\t\t\t\t\t\t\t\t\t\t<\/figure>\n\t\t\t\t\t\t\t\t\t<\/div>\n\t\t\t\t\t<\/div>\n\t\t<\/div>\n\t\t\t\t\t<\/div>\n\t\t<\/section>\n\t\t\t\t<div class=\"elementor-element elementor-element-9052e1b elementor-widget elementor-widget-spacer\" data-id=\"9052e1b\" data-element_type=\"widget\" data-e-type=\"widget\" data-widget_type=\"spacer.default\">\n\t\t\t\t\t\t\t<div class=\"elementor-spacer\">\n\t\t\t<div class=\"elementor-spacer-inner\"><\/div>\n\t\t<\/div>\n\t\t\t\t\t\t<\/div>\n\t\t\t\t<div class=\"elementor-element elementor-element-b358125 elementor-widget elementor-widget-text-editor\" data-id=\"b358125\" data-element_type=\"widget\" data-e-type=\"widget\" data-widget_type=\"text-editor.default\">\n\t\t\t\t\t\t\t\t\t<p>Y ahora nos encontramos con que el<strong> 40 % de los hogares catalanes debe hacer un sobreesfuerzo econ\u00f3mico para poder pagar el recibo mensual del alquiler<\/strong>, un 15 % por encima de la media europea<\/p>\t\t\t\t\t\t\t\t<\/div>\n\t\t\t\t<div class=\"elementor-element elementor-element-a5e9dd2 elementor-widget elementor-widget-text-editor\" data-id=\"a5e9dd2\" data-element_type=\"widget\" data-e-type=\"widget\" data-widget_type=\"text-editor.default\">\n\t\t\t\t\t\t\t\t\t<p>Evoluci\u00f3 de la Renda familiar disponible bruta per habitant i dels preus mitjans de l&#8217;habitatge. Barcelona (2000=100). 2000-2020<\/p>\t\t\t\t\t\t\t\t<\/div>\n\t\t\t\t<div class=\"elementor-element elementor-element-1b1ff64 elementor-widget elementor-widget-image\" data-id=\"1b1ff64\" data-element_type=\"widget\" data-e-type=\"widget\" data-widget_type=\"image.default\">\n\t\t\t\t\t\t\t\t\t\t\t\t\t\t\t<img loading=\"lazy\" decoding=\"async\" width=\"1024\" height=\"635\" src=\"https:\/\/habitatgesocial.org\/wp-content\/uploads\/2023\/02\/q5-p13castella-1024x635.jpg\" class=\"attachment-large size-large wp-image-9437\" alt=\"\" srcset=\"https:\/\/habitatgesocial.org\/wp-content\/uploads\/2023\/02\/q5-p13castella-1024x635.jpg 1024w, https:\/\/habitatgesocial.org\/wp-content\/uploads\/2023\/02\/q5-p13castella-300x186.jpg 300w, https:\/\/habitatgesocial.org\/wp-content\/uploads\/2023\/02\/q5-p13castella-768x476.jpg 768w, https:\/\/habitatgesocial.org\/wp-content\/uploads\/2023\/02\/q5-p13castella-1536x952.jpg 1536w, https:\/\/habitatgesocial.org\/wp-content\/uploads\/2023\/02\/q5-p13castella-2048x1270.jpg 2048w\" sizes=\"auto, (max-width: 1024px) 100vw, 1024px\" \/>\t\t\t\t\t\t\t\t\t\t\t\t\t\t\t<\/div>\n\t\t\t\t<div class=\"elementor-element elementor-element-bd3721d elementor-widget elementor-widget-text-editor\" data-id=\"bd3721d\" data-element_type=\"widget\" data-e-type=\"widget\" data-widget_type=\"text-editor.default\">\n\t\t\t\t\t\t\t\t\t<p>Evoluci\u00f3n de la Renta familiar disponible bruta por habitante y de los precios medios de la vivienda. Barcelona (2000=100). 2000-2020<br><span style=\"color: var( --e-global-color-text );\">Fuente: L&#8217;impacte de la COVID-19 en el sistema residencial de la metr\u00f2poli de Barcelona. 2020<\/span><\/p>\t\t\t\t\t\t\t\t<\/div>\n\t\t\t\t<div class=\"elementor-element elementor-element-6682ab8 elementor-widget elementor-widget-text-editor\" data-id=\"6682ab8\" data-element_type=\"widget\" data-e-type=\"widget\" data-widget_type=\"text-editor.default\">\n\t\t\t\t\t\t\t\t\t<p>Mientras, en el resto de Europa, con pol\u00edticas de vivienda y alquiler social que se empezaron a implementar a finales de la Segunda Guerra Mundial, tienen<strong> un parque de vivienda social del 15%<\/strong> (de media). <strong>En Catalu\u00f1a, s\u00f3lo lo son el 1,5% de las viviendas.<\/strong><\/p><p>En 2013 un <a href=\"https:\/\/www.tercersector.cat\/sites\/default\/files\/dossier_un_parc_dhabitatges_de_lloguer_social.pdf\" target=\"_blank\" rel=\"noopener\">estudio<\/a> publicado por la Taula del Tercer Sector ya expon\u00eda la necesidad de contar con un parque de alquiler social de 500.000 viviendas (un 18 % del parque total de viviendas en Catalu\u00f1a), una cifra muy lejos de la realidad actual .<\/p>\t\t\t\t\t\t\t\t<\/div>\n\t\t\t\t<div class=\"elementor-element elementor-element-b30616c elementor-widget elementor-widget-heading\" data-id=\"b30616c\" data-element_type=\"widget\" data-e-type=\"widget\" data-widget_type=\"heading.default\">\n\t\t\t\t\t<h2 class=\"elementor-heading-title elementor-size-default\">Las pol\u00edticas de vivienda eficientes y resolutivas <br>son m\u00e1s necesarias que nunca.<\/h2>\t\t\t\t<\/div>\n\t\t\t\t\t<\/div>\n\t\t<\/div>\n\t\t\t\t\t<\/div>\n\t\t<\/section>\n\t\t\t\t<section class=\"elementor-section elementor-top-section elementor-element elementor-element-123f4b6 elementor-section-boxed elementor-section-height-default elementor-section-height-default\" data-id=\"123f4b6\" data-element_type=\"section\" data-e-type=\"section\" data-settings=\"{&quot;background_background&quot;:&quot;classic&quot;,&quot;animation&quot;:&quot;none&quot;}\">\n\t\t\t\t\t\t<div class=\"elementor-container elementor-column-gap-default\">\n\t\t\t\t\t<div class=\"elementor-column elementor-col-50 elementor-top-column elementor-element elementor-element-ba761f7\" data-id=\"ba761f7\" data-element_type=\"column\" data-e-type=\"column\">\n\t\t\t<div class=\"elementor-widget-wrap elementor-element-populated\">\n\t\t\t\t\t\t<div class=\"elementor-element elementor-element-fe0390a elementor-invisible elementor-widget elementor-widget-heading\" data-id=\"fe0390a\" data-element_type=\"widget\" data-e-type=\"widget\" data-settings=\"{&quot;_animation&quot;:&quot;headShake&quot;}\" data-widget_type=\"heading.default\">\n\t\t\t\t\t<h2 class=\"elementor-heading-title elementor-size-default\">Encontrar\u00e1s m\u00e1s informaci\u00f3n sobre la crisis, las pol\u00edticas de vivienda y la vivienda social en la secci\u00f3n Publicaciones.<\/h2>\t\t\t\t<\/div>\n\t\t\t\t\t<\/div>\n\t\t<\/div>\n\t\t\t\t<div class=\"elementor-column elementor-col-50 elementor-top-column elementor-element elementor-element-27fef4c\" data-id=\"27fef4c\" data-element_type=\"column\" data-e-type=\"column\">\n\t\t\t<div class=\"elementor-widget-wrap elementor-element-populated\">\n\t\t\t\t\t\t<div class=\"elementor-element elementor-element-9565b89 elementor-align-center elementor-widget elementor-widget-button\" data-id=\"9565b89\" data-element_type=\"widget\" data-e-type=\"widget\" data-widget_type=\"button.default\">\n\t\t\t\t\t\t\t\t\t\t<a class=\"elementor-button elementor-button-link elementor-size-xl\" href=\"https:\/es\/publicaciones\/\">\n\t\t\t\t\t\t<span class=\"elementor-button-content-wrapper\">\n\t\t\t\t\t\t\t\t\t<span class=\"elementor-button-text\">Publicaciones<\/span>\n\t\t\t\t\t<\/span>\n\t\t\t\t\t<\/a>\n\t\t\t\t\t\t\t\t<\/div>\n\t\t\t\t\t<\/div>\n\t\t<\/div>\n\t\t\t\t\t<\/div>\n\t\t<\/section>\n\t\t\t\t<section class=\"elementor-section elementor-top-section elementor-element elementor-element-c7a45d4 elementor-section-boxed elementor-section-height-default elementor-section-height-default\" data-id=\"c7a45d4\" data-element_type=\"section\" data-e-type=\"section\">\n\t\t\t\t\t\t<div class=\"elementor-container elementor-column-gap-default\">\n\t\t\t\t\t<div class=\"elementor-column elementor-col-100 elementor-top-column elementor-element elementor-element-93a96f4\" data-id=\"93a96f4\" data-element_type=\"column\" data-e-type=\"column\">\n\t\t\t<div class=\"elementor-widget-wrap elementor-element-populated\">\n\t\t\t\t\t\t<section class=\"elementor-section elementor-inner-section elementor-element elementor-element-11e4808 elementor-section-boxed elementor-section-height-default elementor-section-height-default\" data-id=\"11e4808\" data-element_type=\"section\" data-e-type=\"section\">\n\t\t\t\t\t\t<div class=\"elementor-container elementor-column-gap-default\">\n\t\t\t\t\t<div class=\"elementor-column elementor-col-50 elementor-inner-column elementor-element elementor-element-dc64132\" data-id=\"dc64132\" data-element_type=\"column\" data-e-type=\"column\" data-settings=\"{&quot;background_background&quot;:&quot;classic&quot;}\">\n\t\t\t<div class=\"elementor-widget-wrap elementor-element-populated\">\n\t\t\t\t\t\t<div class=\"elementor-element elementor-element-1ff5ece elementor-blockquote--skin-border elementor-widget elementor-widget-blockquote\" data-id=\"1ff5ece\" data-element_type=\"widget\" data-e-type=\"widget\" data-widget_type=\"blockquote.default\">\n\t\t\t\t\t\t\t<blockquote class=\"elementor-blockquote\">\n\t\t\t<p class=\"elementor-blockquote__content\">\n\t\t\t\tHay que aumentar el parque de vivienda social de alquiler para mitigar las ineficiencias del mercado libre y adecuar los precios de la oferta a las capacidades reales de la poblaci\u00f3n.\t\t\t<\/p>\n\t\t\t\t\t<\/blockquote>\n\t\t\t\t\t\t<\/div>\n\t\t\t\t\t<\/div>\n\t\t<\/div>\n\t\t\t\t<div class=\"elementor-column elementor-col-50 elementor-inner-column elementor-element elementor-element-a37362d\" data-id=\"a37362d\" data-element_type=\"column\" data-e-type=\"column\" data-settings=\"{&quot;background_background&quot;:&quot;classic&quot;}\">\n\t\t\t<div class=\"elementor-widget-wrap elementor-element-populated\">\n\t\t\t\t\t\t<div class=\"elementor-element elementor-element-ca82fc7 elementor-blockquote--skin-border elementor-widget elementor-widget-blockquote\" data-id=\"ca82fc7\" data-element_type=\"widget\" data-e-type=\"widget\" data-widget_type=\"blockquote.default\">\n\t\t\t\t\t\t\t<blockquote class=\"elementor-blockquote\">\n\t\t\t<p class=\"elementor-blockquote__content\">\n\t\t\t\tCuando suben los precios de la vivienda \u2014especialmente los del alquiler\u2014, se produce un retraso en la formaci\u00f3n de hogares por parte de la gente joven, lo que, a su vez, afecta negativamente a la tasa de natalidad.\n\t\t\t<\/p>\n\t\t\t\t\t<\/blockquote>\n\t\t\t\t\t\t<\/div>\n\t\t\t\t\t<\/div>\n\t\t<\/div>\n\t\t\t\t\t<\/div>\n\t\t<\/section>\n\t\t\t\t<div class=\"elementor-element elementor-element-c98241f elementor-widget elementor-widget-text-editor\" data-id=\"c98241f\" data-element_type=\"widget\" data-e-type=\"widget\" data-widget_type=\"text-editor.default\">\n\t\t\t\t\t\t\t\t\t<p><em><u>Fuentes consultadas para la redacci\u00f3n de esta secci\u00f3n:<\/u><\/em><\/p><p><em>* Trilla C. i Berm\u00fadez T. (2013). Un parc d\u2019habitatges de lloguer social. Una assignatura pendent a Catalunya. Taula del Tercer Sector.<\/em><em><br \/>* Bosch, J. i Trilla C. (2019). El parque p\u00fablico y protegido de viviendas en Espa\u00f1a: un an\u00e1lisis desde el contexto europeo. Fundipax.<br \/>* Trilla C. (2002). El p\u00e9ndulo de la vivienda. El Pa\u00eds. <\/em><a href=\"https:\/\/elpais.com\/diario\/2002\/10\/20\/negocio\/1035118343_850215.html\" target=\"_blank\" rel=\"noopener\">https:\/\/elpais.com\/diario\/2002\/10\/20\/negocio\/1035118343_850215.html<\/a> <em><br \/>* El defensor del pueblo. (2019). La vivienda protegida y el alquiler social en Espa\u00f1a. <br \/>*<\/em>\u00a0COHABITAC. (2020). <em>Reptes i limitacions de la promoci\u00f3 i la gesti\u00f3 d\u2019habitatges de lloguer social, a Catalunya.<\/em><\/p>\t\t\t\t\t\t\t\t<\/div>\n\t\t\t\t\t<\/div>\n\t\t<\/div>\n\t\t\t\t\t<\/div>\n\t\t<\/section>\n\t\t\t\t<\/div>\n\t\t","protected":false},"excerpt":{"rendered":"<p>El problema de la vivienda El problema de la vivienda no es algo nuevo. Ya antes de 1978, la f\u00e1cil disposici\u00f3n de cr\u00e9ditos hipotecarios impuls\u00f3 la vivienda de propiedad como modelo a seguir en este sector. Comprar un piso o una casa se convirti\u00f3 en una f\u00f3rmula de ahorro para un amplio y modesto sector &#8230; <a title=\"El problema de la vivienda\" class=\"read-more\" href=\"https:\/\/habitatgesocial.org\/es\/el-problema-de-la-vivienda\/\" aria-label=\"Read more about El problema de la vivienda\">Read more<\/a><\/p>\n","protected":false},"author":5,"featured_media":445,"parent":0,"menu_order":0,"comment_status":"closed","ping_status":"closed","template":"elementor_header_footer","meta":{"footnotes":""},"class_list":["post-6153","page","type-page","status-publish","has-post-thumbnail"],"_links":{"self":[{"href":"https:\/\/habitatgesocial.org\/es\/wp-json\/wp\/v2\/pages\/6153","targetHints":{"allow":["GET"]}}],"collection":[{"href":"https:\/\/habitatgesocial.org\/es\/wp-json\/wp\/v2\/pages"}],"about":[{"href":"https:\/\/habitatgesocial.org\/es\/wp-json\/wp\/v2\/types\/page"}],"author":[{"embeddable":true,"href":"https:\/\/habitatgesocial.org\/es\/wp-json\/wp\/v2\/users\/5"}],"replies":[{"embeddable":true,"href":"https:\/\/habitatgesocial.org\/es\/wp-json\/wp\/v2\/comments?post=6153"}],"version-history":[{"count":5,"href":"https:\/\/habitatgesocial.org\/es\/wp-json\/wp\/v2\/pages\/6153\/revisions"}],"predecessor-version":[{"id":14061,"href":"https:\/\/habitatgesocial.org\/es\/wp-json\/wp\/v2\/pages\/6153\/revisions\/14061"}],"wp:featuredmedia":[{"embeddable":true,"href":"https:\/\/habitatgesocial.org\/es\/wp-json\/wp\/v2\/media\/445"}],"wp:attachment":[{"href":"https:\/\/habitatgesocial.org\/es\/wp-json\/wp\/v2\/media?parent=6153"}],"curies":[{"name":"wp","href":"https:\/\/api.w.org\/{rel}","templated":true}]}}