{"id":6152,"date":"2021-04-30T17:24:54","date_gmt":"2021-04-30T15:24:54","guid":{"rendered":"http:\/\/habitatgesocial.org\/habitatge-social\/"},"modified":"2025-02-04T15:49:26","modified_gmt":"2025-02-04T14:49:26","slug":"vivienda-social","status":"publish","type":"page","link":"https:\/\/habitatgesocial.org\/es\/vivienda-social\/","title":{"rendered":"Vivienda social"},"content":{"rendered":"\t\t<div data-elementor-type=\"wp-page\" data-elementor-id=\"6152\" class=\"elementor elementor-6152 elementor-3531\" data-elementor-post-type=\"page\">\n\t\t\t\t\t\t<section class=\"elementor-section elementor-top-section elementor-element elementor-element-a1fe378 elementor-section-boxed elementor-section-height-default elementor-section-height-default\" data-id=\"a1fe378\" data-element_type=\"section\" data-e-type=\"section\">\n\t\t\t\t\t\t<div class=\"elementor-container elementor-column-gap-default\">\n\t\t\t\t\t<div class=\"elementor-column elementor-col-100 elementor-top-column elementor-element elementor-element-4f5a987\" data-id=\"4f5a987\" data-element_type=\"column\" data-e-type=\"column\">\n\t\t\t<div class=\"elementor-widget-wrap\">\n\t\t\t\t\t\t\t<\/div>\n\t\t<\/div>\n\t\t\t\t\t<\/div>\n\t\t<\/section>\n\t\t\t\t<section class=\"elementor-section elementor-top-section elementor-element elementor-element-c00f047 elementor-section-boxed elementor-section-height-default elementor-section-height-default\" data-id=\"c00f047\" data-element_type=\"section\" data-e-type=\"section\" data-settings=\"{&quot;background_background&quot;:&quot;classic&quot;,&quot;animation&quot;:&quot;none&quot;}\">\n\t\t\t\t\t\t<div class=\"elementor-container elementor-column-gap-no\">\n\t\t\t\t\t<div class=\"elementor-column elementor-col-50 elementor-top-column elementor-element elementor-element-542872d\" data-id=\"542872d\" data-element_type=\"column\" data-e-type=\"column\" data-settings=\"{&quot;background_background&quot;:&quot;classic&quot;}\">\n\t\t\t<div class=\"elementor-widget-wrap elementor-element-populated\">\n\t\t\t\t\t\t\t<\/div>\n\t\t<\/div>\n\t\t\t\t<div class=\"elementor-column elementor-col-50 elementor-top-column elementor-element elementor-element-fd8258d\" data-id=\"fd8258d\" data-element_type=\"column\" data-e-type=\"column\">\n\t\t\t<div class=\"elementor-widget-wrap elementor-element-populated\">\n\t\t\t\t\t\t<div class=\"elementor-element elementor-element-c27376e elementor-widget elementor-widget-heading\" data-id=\"c27376e\" data-element_type=\"widget\" data-e-type=\"widget\" data-widget_type=\"heading.default\">\n\t\t\t\t\t<h2 class=\"elementor-heading-title elementor-size-default\">El alquiler social es una de las soluciones a la exclusi\u00f3n residencial.<\/h2>\t\t\t\t<\/div>\n\t\t\t\t<div class=\"elementor-element elementor-element-757a808 elementor-widget elementor-widget-text-editor\" data-id=\"757a808\" data-element_type=\"widget\" data-e-type=\"widget\" data-widget_type=\"text-editor.default\">\n\t\t\t\t\t\t\t\t\t<p><strong>Pero \u00bfqu\u00e9 es el alquiler social? <\/strong><\/p><p>Para nosotros, \u00abvivienda de alquiler social\u00bb es un concepto amplio que incluye a todas las viviendas que dan respuesta a las personas que, por sus ingresos, no pueden hacer frente al coste de una vivienda regulada por el mercado libre. La vivienda de alquiler social est\u00e1 dirigida, por lo tanto, a colectivos de poblaci\u00f3n con ingresos medios, bajos y muy bajos, y puede ser de car\u00e1cter p\u00fablico o privado.<\/p><p>Se caracteriza por tener un precio estable que garantiza la sostenibilidad econ\u00f3mica, la estabilidad y la tranquilidad de las personas que residen en ellas.<\/p>\t\t\t\t\t\t\t\t<\/div>\n\t\t\t\t\t<\/div>\n\t\t<\/div>\n\t\t\t\t\t<\/div>\n\t\t<\/section>\n\t\t\t\t<section class=\"elementor-section elementor-top-section elementor-element elementor-element-712ed3d elementor-section-boxed elementor-section-height-default elementor-section-height-default\" data-id=\"712ed3d\" data-element_type=\"section\" data-e-type=\"section\" data-settings=\"{&quot;background_background&quot;:&quot;classic&quot;,&quot;animation&quot;:&quot;none&quot;}\">\n\t\t\t\t\t\t<div class=\"elementor-container elementor-column-gap-no\">\n\t\t\t\t\t<div class=\"elementor-column elementor-col-50 elementor-top-column elementor-element elementor-element-af4da02\" data-id=\"af4da02\" data-element_type=\"column\" data-e-type=\"column\">\n\t\t\t<div class=\"elementor-widget-wrap elementor-element-populated\">\n\t\t\t\t\t\t<div class=\"elementor-element elementor-element-c44caf5 elementor-widget elementor-widget-text-editor\" data-id=\"c44caf5\" data-element_type=\"widget\" data-e-type=\"widget\" data-widget_type=\"text-editor.default\">\n\t\t\t\t\t\t\t\t\t<p>Clasificamos las viviendas sociales de alquiler en 3 grandes grupos:<\/p>\t\t\t\t\t\t\t\t<\/div>\n\t\t\t\t<div class=\"elementor-element elementor-element-edc76f9 elementor-icon-list--layout-traditional elementor-list-item-link-full_width elementor-widget elementor-widget-icon-list\" data-id=\"edc76f9\" data-element_type=\"widget\" data-e-type=\"widget\" data-widget_type=\"icon-list.default\">\n\t\t\t\t\t\t\t<ul class=\"elementor-icon-list-items\">\n\t\t\t\t\t\t\t<li class=\"elementor-icon-list-item\">\n\t\t\t\t\t\t\t\t\t\t\t<span class=\"elementor-icon-list-icon\">\n\t\t\t\t\t\t\t<svg aria-hidden=\"true\" class=\"e-font-icon-svg e-fas-check\" viewBox=\"0 0 512 512\" xmlns=\"http:\/\/www.w3.org\/2000\/svg\"><path d=\"M173.898 439.404l-166.4-166.4c-9.997-9.997-9.997-26.206 0-36.204l36.203-36.204c9.997-9.998 26.207-9.998 36.204 0L192 312.69 432.095 72.596c9.997-9.997 26.207-9.997 36.204 0l36.203 36.204c9.997 9.997 9.997 26.206 0 36.204l-294.4 294.401c-9.998 9.997-26.207 9.997-36.204-.001z\"><\/path><\/svg>\t\t\t\t\t\t<\/span>\n\t\t\t\t\t\t\t\t\t\t<span class=\"elementor-icon-list-text\"><strong>Alquiler social asequible<\/strong>: destinado a hogares con ingresos medios.<\/span>\n\t\t\t\t\t\t\t\t\t<\/li>\n\t\t\t\t\t\t\t\t<li class=\"elementor-icon-list-item\">\n\t\t\t\t\t\t\t\t\t\t\t<span class=\"elementor-icon-list-icon\">\n\t\t\t\t\t\t\t<svg aria-hidden=\"true\" class=\"e-font-icon-svg e-fas-check\" viewBox=\"0 0 512 512\" xmlns=\"http:\/\/www.w3.org\/2000\/svg\"><path d=\"M173.898 439.404l-166.4-166.4c-9.997-9.997-9.997-26.206 0-36.204l36.203-36.204c9.997-9.998 26.207-9.998 36.204 0L192 312.69 432.095 72.596c9.997-9.997 26.207-9.997 36.204 0l36.203 36.204c9.997 9.997 9.997 26.206 0 36.204l-294.4 294.401c-9.998 9.997-26.207 9.997-36.204-.001z\"><\/path><\/svg>\t\t\t\t\t\t<\/span>\n\t\t\t\t\t\t\t\t\t\t<span class=\"elementor-icon-list-text\"><strong>Alquiler social<\/strong>: destinado a hogares con ingresos bajos.<\/span>\n\t\t\t\t\t\t\t\t\t<\/li>\n\t\t\t\t\t\t\t\t<li class=\"elementor-icon-list-item\">\n\t\t\t\t\t\t\t\t\t\t\t<span class=\"elementor-icon-list-icon\">\n\t\t\t\t\t\t\t<svg aria-hidden=\"true\" class=\"e-font-icon-svg e-fas-check\" viewBox=\"0 0 512 512\" xmlns=\"http:\/\/www.w3.org\/2000\/svg\"><path d=\"M173.898 439.404l-166.4-166.4c-9.997-9.997-9.997-26.206 0-36.204l36.203-36.204c9.997-9.998 26.207-9.998 36.204 0L192 312.69 432.095 72.596c9.997-9.997 26.207-9.997 36.204 0l36.203 36.204c9.997 9.997 9.997 26.206 0 36.204l-294.4 294.401c-9.998 9.997-26.207 9.997-36.204-.001z\"><\/path><\/svg>\t\t\t\t\t\t<\/span>\n\t\t\t\t\t\t\t\t\t\t<span class=\"elementor-icon-list-text\"><strong>Alquiler muy social:<\/strong> destinado a hogares con ingresos muy bajos y, a menudo, en situaci\u00f3n o riesgo de exclusi\u00f3n. Son viviendas de inclusi\u00f3n que ofrecen un acompa\u00f1amiento y seguimiento social intenso por parte de una entidad especializada. Este es el caso de las viviendas de la Fundaci\u00f3n.<\/span>\n\t\t\t\t\t\t\t\t\t<\/li>\n\t\t\t\t\t\t<\/ul>\n\t\t\t\t\t\t<\/div>\n\t\t\t\t\t<\/div>\n\t\t<\/div>\n\t\t\t\t<div class=\"elementor-column elementor-col-50 elementor-top-column elementor-element elementor-element-cbdbd78\" data-id=\"cbdbd78\" data-element_type=\"column\" data-e-type=\"column\" data-settings=\"{&quot;background_background&quot;:&quot;classic&quot;}\">\n\t\t\t<div class=\"elementor-widget-wrap elementor-element-populated\">\n\t\t\t\t\t\t\t<\/div>\n\t\t<\/div>\n\t\t\t\t\t<\/div>\n\t\t<\/section>\n\t\t\t\t<section class=\"elementor-section elementor-top-section elementor-element elementor-element-1f8a9a0 elementor-section-boxed elementor-section-height-default elementor-section-height-default\" data-id=\"1f8a9a0\" data-element_type=\"section\" data-e-type=\"section\" data-settings=\"{&quot;background_background&quot;:&quot;classic&quot;,&quot;animation&quot;:&quot;none&quot;}\">\n\t\t\t\t\t\t<div class=\"elementor-container elementor-column-gap-default\">\n\t\t\t\t\t<div class=\"elementor-column elementor-col-100 elementor-top-column elementor-element elementor-element-a7e15e8\" data-id=\"a7e15e8\" data-element_type=\"column\" data-e-type=\"column\">\n\t\t\t<div class=\"elementor-widget-wrap elementor-element-populated\">\n\t\t\t\t\t\t<div class=\"elementor-element elementor-element-830325b elementor-widget elementor-widget-text-editor\" data-id=\"830325b\" data-element_type=\"widget\" data-e-type=\"widget\" data-widget_type=\"text-editor.default\">\n\t\t\t\t\t\t\t\t\t<p>Actualmente, la Fundaci\u00f3n gestiona 460 viviendas en las que acompa\u00f1a a las personas y familias en situaci\u00f3n de exclusi\u00f3n residencial. Y lo hace abordando la situaci\u00f3n desde el binomio <a href=\"https:\/es\/vivienda-digna-primero\/\">hogar<\/a> y <a href=\"https:\/es\/las-personas-en-el-centro\/\">personas<\/a>.<u><\/u><\/p>\t\t\t\t\t\t\t\t<\/div>\n\t\t\t\t\t<\/div>\n\t\t<\/div>\n\t\t\t\t\t<\/div>\n\t\t<\/section>\n\t\t\t\t<section class=\"elementor-section elementor-top-section elementor-element elementor-element-c15d0f1 elementor-section-boxed elementor-section-height-default elementor-section-height-default\" data-id=\"c15d0f1\" data-element_type=\"section\" data-e-type=\"section\">\n\t\t\t\t\t\t<div class=\"elementor-container elementor-column-gap-default\">\n\t\t\t\t\t<div class=\"elementor-column elementor-col-100 elementor-top-column elementor-element elementor-element-0211755\" data-id=\"0211755\" data-element_type=\"column\" data-e-type=\"column\">\n\t\t\t<div class=\"elementor-widget-wrap elementor-element-populated\">\n\t\t\t\t\t\t<section class=\"elementor-section elementor-inner-section elementor-element elementor-element-8ebdbe0 elementor-section-boxed elementor-section-height-default elementor-section-height-default\" data-id=\"8ebdbe0\" data-element_type=\"section\" data-e-type=\"section\">\n\t\t\t\t\t\t<div class=\"elementor-container elementor-column-gap-default\">\n\t\t\t\t\t<div class=\"elementor-column elementor-col-50 elementor-inner-column elementor-element elementor-element-22764ad\" data-id=\"22764ad\" data-element_type=\"column\" data-e-type=\"column\">\n\t\t\t<div class=\"elementor-widget-wrap elementor-element-populated\">\n\t\t\t\t\t\t<div class=\"elementor-element elementor-element-49ad85c elementor-widget elementor-widget-image\" data-id=\"49ad85c\" data-element_type=\"widget\" data-e-type=\"widget\" data-widget_type=\"image.default\">\n\t\t\t\t\t\t\t\t\t\t\t\t\t\t\t<img loading=\"lazy\" decoding=\"async\" width=\"1024\" height=\"724\" src=\"https:\/\/habitatgesocial.org\/wp-content\/uploads\/2022\/03\/epvf-1024x724.png\" class=\"attachment-large size-large wp-image-7128\" alt=\"Evoluci\u00f3n del parque de viviendas de la Fundaci\u00f3n\" srcset=\"https:\/\/habitatgesocial.org\/wp-content\/uploads\/2022\/03\/epvf-1024x724.png 1024w, https:\/\/habitatgesocial.org\/wp-content\/uploads\/2022\/03\/epvf-300x212.png 300w, https:\/\/habitatgesocial.org\/wp-content\/uploads\/2022\/03\/epvf-768x543.png 768w, https:\/\/habitatgesocial.org\/wp-content\/uploads\/2022\/03\/epvf.png 1133w\" sizes=\"auto, (max-width: 1024px) 100vw, 1024px\" \/>\t\t\t\t\t\t\t\t\t\t\t\t\t\t\t<\/div>\n\t\t\t\t\t<\/div>\n\t\t<\/div>\n\t\t\t\t<div class=\"elementor-column elementor-col-50 elementor-inner-column elementor-element elementor-element-8844e24\" data-id=\"8844e24\" data-element_type=\"column\" data-e-type=\"column\">\n\t\t\t<div class=\"elementor-widget-wrap elementor-element-populated\">\n\t\t\t\t\t\t<div class=\"elementor-element elementor-element-af9a89b elementor-widget elementor-widget-text-editor\" data-id=\"af9a89b\" data-element_type=\"widget\" data-e-type=\"widget\" data-widget_type=\"text-editor.default\">\n\t\t\t\t\t\t\t\t\t<p>A pesar de ello, el reto sigue siendo muy complicado.<strong> Tenemos una media de 30 familias en espera de una vivienda, y la perspectiva que vislumbramos es que la lista se ampl\u00ede.<\/strong> La situaci\u00f3n actual hace que las familias cada vez tarden m\u00e1s en rehacer su proyecto de vida y en dejar esta vivienda temporal; por ello, necesitamos m\u00e1s viviendas.<\/p><p>Para mejorar esta situaci\u00f3n, la Fundaci\u00f3n trabaja en dos l\u00edneas:<\/p><p><span style=\"color: red; font-weight: bold; margin-right: 15px;\">\u2714<\/span> La <a href=\"https:\/es\/la-fundacio-compra-en-dos-anys-i-escaig-95-habitatges-gracies-al-sistema-de-tanteig-i-retracte\/\"><span style=\"text-decoration: underline;\">compra de viviendas<\/span><\/a>.<\/p><p><span style=\"color: red; font-weight: bold; margin-right: 15px;\">\u2714<\/span> La <a href=\"https:\/es\/cede-una-vivienda\/\"><span style=\"text-decoration: underline;\">cesi\u00f3n temporal de viviendas <\/span><\/a>.<\/p>\t\t\t\t\t\t\t\t<\/div>\n\t\t\t\t<div class=\"elementor-element elementor-element-5e2ce32 elementor-widget elementor-widget-text-editor\" data-id=\"5e2ce32\" data-element_type=\"widget\" data-e-type=\"widget\" data-widget_type=\"text-editor.default\">\n\t\t\t\t\t\t\t\t\t<p>Los datos avalan nuestra labor en los \u00faltimos a\u00f1os; sin embargo, el crecimiento no es suficiente.<\/p>\t\t\t\t\t\t\t\t<\/div>\n\t\t\t\t\t<\/div>\n\t\t<\/div>\n\t\t\t\t\t<\/div>\n\t\t<\/section>\n\t\t\t\t<section class=\"elementor-section elementor-inner-section elementor-element elementor-element-5046a81 elementor-section-boxed elementor-section-height-default elementor-section-height-default\" data-id=\"5046a81\" data-element_type=\"section\" data-e-type=\"section\">\n\t\t\t\t\t\t<div class=\"elementor-container elementor-column-gap-default\">\n\t\t\t\t\t<div class=\"elementor-column elementor-col-100 elementor-inner-column elementor-element elementor-element-c3bbec5\" data-id=\"c3bbec5\" data-element_type=\"column\" data-e-type=\"column\">\n\t\t\t<div class=\"elementor-widget-wrap elementor-element-populated\">\n\t\t\t\t\t\t<div class=\"elementor-element elementor-element-5954a33 elementor-widget elementor-widget-heading\" data-id=\"5954a33\" data-element_type=\"widget\" data-e-type=\"widget\" data-widget_type=\"heading.default\">\n\t\t\t\t\t<h2 class=\"elementor-heading-title elementor-size-default\">Nuestro parque de viviendas<\/h2>\t\t\t\t<\/div>\n\t\t\t\t<div class=\"elementor-element elementor-element-0ea0735 elementor-widget elementor-widget-image\" data-id=\"0ea0735\" data-element_type=\"widget\" data-e-type=\"widget\" data-widget_type=\"image.default\">\n\t\t\t\t\t\t\t\t\t\t\t\t\t\t\t\t<a href=\"\/\/\/wp-content\/uploads\/2021\/08\/mapa-habitatge-social-nova-imatge-web-def.jpg\" data-elementor-open-lightbox=\"yes\" data-elementor-lightbox-title=\"mapa-habitatge-social-nova-imatge-web-def\" data-e-action-hash=\"#elementor-action%3Aaction%3Dlightbox%26settings%3DeyJpZCI6NDQzOSwidXJsIjoiaHR0cHM6XC9cL2hhYml0YXRnZXNvY2lhbC5vcmdcL3dwLWNvbnRlbnRcL3VwbG9hZHNcLzIwMjFcLzA4XC9tYXBhLWhhYml0YXRnZS1zb2NpYWwtbm92YS1pbWF0Z2Utd2ViLWRlZi5qcGcifQ%3D%3D\">\n\t\t\t\t\t\t\t<img loading=\"lazy\" decoding=\"async\" width=\"812\" height=\"449\" src=\"https:\/\/habitatgesocial.org\/wp-content\/uploads\/2021\/08\/mapa-habitatge-social-nova-imatge-web-def.jpg\" class=\"attachment-large size-large wp-image-4439\" alt=\"\" srcset=\"https:\/\/habitatgesocial.org\/wp-content\/uploads\/2021\/08\/mapa-habitatge-social-nova-imatge-web-def.jpg 812w, https:\/\/habitatgesocial.org\/wp-content\/uploads\/2021\/08\/mapa-habitatge-social-nova-imatge-web-def-300x166.jpg 300w, https:\/\/habitatgesocial.org\/wp-content\/uploads\/2021\/08\/mapa-habitatge-social-nova-imatge-web-def-768x425.jpg 768w\" sizes=\"auto, (max-width: 812px) 100vw, 812px\" \/>\t\t\t\t\t\t\t\t<\/a>\n\t\t\t\t\t\t\t\t\t\t\t\t\t\t\t<\/div>\n\t\t\t\t\t<\/div>\n\t\t<\/div>\n\t\t\t\t\t<\/div>\n\t\t<\/section>\n\t\t\t\t\t<\/div>\n\t\t<\/div>\n\t\t\t\t\t<\/div>\n\t\t<\/section>\n\t\t\t\t<section class=\"elementor-section elementor-top-section elementor-element elementor-element-9142f7b elementor-section-boxed elementor-section-height-default elementor-section-height-default\" data-id=\"9142f7b\" data-element_type=\"section\" data-e-type=\"section\" data-settings=\"{&quot;background_background&quot;:&quot;classic&quot;,&quot;animation&quot;:&quot;none&quot;}\">\n\t\t\t\t\t\t<div class=\"elementor-container elementor-column-gap-default\">\n\t\t\t\t\t<div class=\"elementor-column elementor-col-50 elementor-top-column elementor-element elementor-element-d797e14\" data-id=\"d797e14\" data-element_type=\"column\" data-e-type=\"column\">\n\t\t\t<div class=\"elementor-widget-wrap elementor-element-populated\">\n\t\t\t\t\t\t<div class=\"elementor-element elementor-element-8e25119 elementor-invisible elementor-widget elementor-widget-heading\" data-id=\"8e25119\" data-element_type=\"widget\" data-e-type=\"widget\" data-settings=\"{&quot;_animation&quot;:&quot;headShake&quot;}\" data-widget_type=\"heading.default\">\n\t\t\t\t\t<h2 class=\"elementor-heading-title elementor-size-default\">Contacta con nosotros si tienes inter\u00e9s en cedernos temporalmente una vivienda. <\/h2>\t\t\t\t<\/div>\n\t\t\t\t\t<\/div>\n\t\t<\/div>\n\t\t\t\t<div class=\"elementor-column elementor-col-50 elementor-top-column elementor-element elementor-element-f8053b4\" data-id=\"f8053b4\" data-element_type=\"column\" data-e-type=\"column\">\n\t\t\t<div class=\"elementor-widget-wrap elementor-element-populated\">\n\t\t\t\t\t\t<div class=\"elementor-element elementor-element-01430ae elementor-align-center elementor-widget elementor-widget-button\" data-id=\"01430ae\" data-element_type=\"widget\" data-e-type=\"widget\" data-widget_type=\"button.default\">\n\t\t\t\t\t\t\t\t\t\t<a class=\"elementor-button elementor-button-link elementor-size-xl\" href=\"https:\/es\/cede-una-vivienda\/\">\n\t\t\t\t\t\t<span class=\"elementor-button-content-wrapper\">\n\t\t\t\t\t\t\t\t\t<span class=\"elementor-button-text\">Ponte en contacto con nosotros<\/span>\n\t\t\t\t\t<\/span>\n\t\t\t\t\t<\/a>\n\t\t\t\t\t\t\t\t<\/div>\n\t\t\t\t\t<\/div>\n\t\t<\/div>\n\t\t\t\t\t<\/div>\n\t\t<\/section>\n\t\t\t\t<section class=\"elementor-section elementor-top-section elementor-element elementor-element-95f49e7 elementor-section-boxed elementor-section-height-default elementor-section-height-default\" data-id=\"95f49e7\" data-element_type=\"section\" data-e-type=\"section\">\n\t\t\t\t\t\t<div class=\"elementor-container elementor-column-gap-default\">\n\t\t\t\t\t<div class=\"elementor-column elementor-col-100 elementor-top-column elementor-element elementor-element-b4b41a3\" data-id=\"b4b41a3\" data-element_type=\"column\" data-e-type=\"column\">\n\t\t\t<div class=\"elementor-widget-wrap elementor-element-populated\">\n\t\t\t\t\t\t<section class=\"elementor-section elementor-inner-section elementor-element elementor-element-abc3fb1 elementor-section-boxed elementor-section-height-default elementor-section-height-default\" data-id=\"abc3fb1\" data-element_type=\"section\" data-e-type=\"section\">\n\t\t\t\t\t\t<div class=\"elementor-container elementor-column-gap-default\">\n\t\t\t\t\t<div class=\"elementor-column elementor-col-50 elementor-inner-column elementor-element elementor-element-8156b53\" data-id=\"8156b53\" data-element_type=\"column\" data-e-type=\"column\" data-settings=\"{&quot;background_background&quot;:&quot;classic&quot;}\">\n\t\t\t<div class=\"elementor-widget-wrap elementor-element-populated\">\n\t\t\t\t\t\t<div class=\"elementor-element elementor-element-804ea95 elementor-blockquote--skin-border elementor-widget elementor-widget-blockquote\" data-id=\"804ea95\" data-element_type=\"widget\" data-e-type=\"widget\" data-widget_type=\"blockquote.default\">\n\t\t\t\t\t\t\t<blockquote class=\"elementor-blockquote\">\n\t\t\t<p class=\"elementor-blockquote__content\">\n\t\t\t\tLa vivienda social de alquiler da respuesta a quien no puede hacer frente a los costes del mercado libre.\t\t\t<\/p>\n\t\t\t\t\t<\/blockquote>\n\t\t\t\t\t\t<\/div>\n\t\t\t\t\t<\/div>\n\t\t<\/div>\n\t\t\t\t<div class=\"elementor-column elementor-col-50 elementor-inner-column elementor-element elementor-element-f86dd0b\" data-id=\"f86dd0b\" data-element_type=\"column\" data-e-type=\"column\" data-settings=\"{&quot;background_background&quot;:&quot;classic&quot;}\">\n\t\t\t<div class=\"elementor-widget-wrap elementor-element-populated\">\n\t\t\t\t\t\t<div class=\"elementor-element elementor-element-cc5d587 elementor-blockquote--skin-border elementor-widget elementor-widget-blockquote\" data-id=\"cc5d587\" data-element_type=\"widget\" data-e-type=\"widget\" data-widget_type=\"blockquote.default\">\n\t\t\t\t\t\t\t<blockquote class=\"elementor-blockquote\">\n\t\t\t<p class=\"elementor-blockquote__content\">\n\t\t\t\tLas viviendas de alquiler muy social est\u00e1n destinadas a hogares con ingresos muy bajos y en situaci\u00f3n o riesgo de exclusi\u00f3n. Son viviendas que ofrecen un acompa\u00f1amiento y seguimiento social intenso por parte de una entidad especializada.\t\t\t<\/p>\n\t\t\t\t\t<\/blockquote>\n\t\t\t\t\t\t<\/div>\n\t\t\t\t\t<\/div>\n\t\t<\/div>\n\t\t\t\t\t<\/div>\n\t\t<\/section>\n\t\t\t\t\t<\/div>\n\t\t<\/div>\n\t\t\t\t\t<\/div>\n\t\t<\/section>\n\t\t\t\t<\/div>\n\t\t","protected":false},"excerpt":{"rendered":"<p>El alquiler social es una de las soluciones a la exclusi\u00f3n residencial. Pero \u00bfqu\u00e9 es el alquiler social? Para nosotros, \u00abvivienda de alquiler social\u00bb es un concepto amplio que incluye a todas las viviendas que dan respuesta a las personas que, por sus ingresos, no pueden hacer frente al coste de una vivienda regulada por &#8230; <a title=\"Vivienda social\" class=\"read-more\" href=\"https:\/\/habitatgesocial.org\/es\/vivienda-social\/\" aria-label=\"Read more about Vivienda social\">Read more<\/a><\/p>\n","protected":false},"author":5,"featured_media":10177,"parent":0,"menu_order":0,"comment_status":"closed","ping_status":"closed","template":"elementor_header_footer","meta":{"footnotes":""},"class_list":["post-6152","page","type-page","status-publish","has-post-thumbnail"],"_links":{"self":[{"href":"https:\/\/habitatgesocial.org\/es\/wp-json\/wp\/v2\/pages\/6152","targetHints":{"allow":["GET"]}}],"collection":[{"href":"https:\/\/habitatgesocial.org\/es\/wp-json\/wp\/v2\/pages"}],"about":[{"href":"https:\/\/habitatgesocial.org\/es\/wp-json\/wp\/v2\/types\/page"}],"author":[{"embeddable":true,"href":"https:\/\/habitatgesocial.org\/es\/wp-json\/wp\/v2\/users\/5"}],"replies":[{"embeddable":true,"href":"https:\/\/habitatgesocial.org\/es\/wp-json\/wp\/v2\/comments?post=6152"}],"version-history":[{"count":5,"href":"https:\/\/habitatgesocial.org\/es\/wp-json\/wp\/v2\/pages\/6152\/revisions"}],"predecessor-version":[{"id":14064,"href":"https:\/\/habitatgesocial.org\/es\/wp-json\/wp\/v2\/pages\/6152\/revisions\/14064"}],"wp:featuredmedia":[{"embeddable":true,"href":"https:\/\/habitatgesocial.org\/es\/wp-json\/wp\/v2\/media\/10177"}],"wp:attachment":[{"href":"https:\/\/habitatgesocial.org\/es\/wp-json\/wp\/v2\/media?parent=6152"}],"curies":[{"name":"wp","href":"https:\/\/api.w.org\/{rel}","templated":true}]}}