{"id":6150,"date":"2021-11-12T11:51:42","date_gmt":"2021-11-12T10:51:42","guid":{"rendered":"http:\/\/habitatgesocial.org\/publicacions\/"},"modified":"2026-04-24T14:53:43","modified_gmt":"2026-04-24T12:53:43","slug":"publicaciones","status":"publish","type":"page","link":"https:\/\/habitatgesocial.org\/es\/publicaciones\/","title":{"rendered":"Publicaciones"},"content":{"rendered":"\t\t<div data-elementor-type=\"wp-page\" data-elementor-id=\"6150\" class=\"elementor elementor-6150 elementor-4973\" data-elementor-post-type=\"page\">\n\t\t\t\t\t\t<section class=\"elementor-section elementor-top-section elementor-element elementor-element-b2b043a elementor-section-boxed elementor-section-height-default elementor-section-height-default\" data-id=\"b2b043a\" data-element_type=\"section\" data-e-type=\"section\">\n\t\t\t\t\t\t<div class=\"elementor-container elementor-column-gap-default\">\n\t\t\t\t\t<div class=\"elementor-column elementor-col-100 elementor-top-column elementor-element elementor-element-bfcdc63\" data-id=\"bfcdc63\" data-element_type=\"column\" data-e-type=\"column\">\n\t\t\t<div class=\"elementor-widget-wrap elementor-element-populated\">\n\t\t\t\t\t\t<div class=\"elementor-element elementor-element-eb473c5 elementor-widget elementor-widget-text-editor\" data-id=\"eb473c5\" data-element_type=\"widget\" data-e-type=\"widget\" data-widget_type=\"text-editor.default\">\n\t\t\t\t\t\t\t\t\t<p>La mayor parte de la documentaci\u00f3n de la Fundaci\u00f3 est\u00e1 elaborada en catal\u00e1n. A\u00fan y as\u00ed, los v\u00eddeos tienen subt\u00edtulos en castellano.<\/p>\t\t\t\t\t\t\t\t<\/div>\n\t\t\t\t\t<\/div>\n\t\t<\/div>\n\t\t\t\t\t<\/div>\n\t\t<\/section>\n\t\t\t\t<section class=\"elementor-section elementor-top-section elementor-element elementor-element-2538fed elementor-section-boxed elementor-section-height-default elementor-section-height-default\" data-id=\"2538fed\" data-element_type=\"section\" data-e-type=\"section\">\n\t\t\t\t\t\t<div class=\"elementor-container elementor-column-gap-default\">\n\t\t\t\t\t<div class=\"elementor-column elementor-col-100 elementor-top-column elementor-element elementor-element-db0cad3\" data-id=\"db0cad3\" data-element_type=\"column\" data-e-type=\"column\">\n\t\t\t<div class=\"elementor-widget-wrap elementor-element-populated\">\n\t\t\t\t\t\t<div class=\"elementor-element elementor-element-00848df elementor-widget elementor-widget-heading\" data-id=\"00848df\" data-element_type=\"widget\" data-e-type=\"widget\" data-widget_type=\"heading.default\">\n\t\t\t\t\t<h2 class=\"elementor-heading-title elementor-size-default\">Memorias de actividades en formato breve (cat)<\/h2>\t\t\t\t<\/div>\n\t\t\t\t<section class=\"elementor-section elementor-inner-section elementor-element elementor-element-2afbade elementor-section-boxed elementor-section-height-default elementor-section-height-default\" data-id=\"2afbade\" data-element_type=\"section\" data-e-type=\"section\">\n\t\t\t\t\t\t<div class=\"elementor-container elementor-column-gap-default\">\n\t\t\t\t\t<div class=\"elementor-column elementor-col-20 elementor-inner-column elementor-element elementor-element-703a8b5\" data-id=\"703a8b5\" data-element_type=\"column\" data-e-type=\"column\">\n\t\t\t<div class=\"elementor-widget-wrap elementor-element-populated\">\n\t\t\t\t\t\t<div class=\"elementor-element elementor-element-fad5fea elementor-widget elementor-widget-image\" data-id=\"fad5fea\" data-element_type=\"widget\" data-e-type=\"widget\" data-widget_type=\"image.default\">\n\t\t\t\t\t\t\t\t\t\t\t\t\t\t\t\t<a href=\"https:\/\/habitatgesocial.org\/wp-content\/uploads\/2025\/07\/FHS_memo24.pdf\" target=\"_blank\" rel=\"nofollow\">\n\t\t\t\t\t\t\t<img loading=\"lazy\" decoding=\"async\" width=\"282\" height=\"300\" src=\"https:\/\/habitatgesocial.org\/wp-content\/uploads\/2025\/07\/Memo24cob-2-282x300.png\" class=\"attachment-medium size-medium wp-image-14912\" alt=\"Mem\u00f2ria 2024\" srcset=\"https:\/\/habitatgesocial.org\/wp-content\/uploads\/2025\/07\/Memo24cob-2-282x300.png 282w, https:\/\/habitatgesocial.org\/wp-content\/uploads\/2025\/07\/Memo24cob-2.png 620w\" sizes=\"auto, (max-width: 282px) 100vw, 282px\" \/>\t\t\t\t\t\t\t\t<\/a>\n\t\t\t\t\t\t\t\t\t\t\t\t\t\t\t<\/div>\n\t\t\t\t<div class=\"elementor-element elementor-element-d3f124b elementor-widget elementor-widget-heading\" data-id=\"d3f124b\" data-element_type=\"widget\" data-e-type=\"widget\" data-widget_type=\"heading.default\">\n\t\t\t\t\t<h3 class=\"elementor-heading-title elementor-size-default\"><a href=\"https:\/\/habitatgesocial.org\/wp-content\/uploads\/2025\/07\/FHS_memo24.pdf\">2024<\/a><\/h3>\t\t\t\t<\/div>\n\t\t\t\t\t<\/div>\n\t\t<\/div>\n\t\t\t\t<div class=\"elementor-column elementor-col-20 elementor-inner-column elementor-element elementor-element-ce922da\" data-id=\"ce922da\" data-element_type=\"column\" data-e-type=\"column\">\n\t\t\t<div class=\"elementor-widget-wrap elementor-element-populated\">\n\t\t\t\t\t\t<div class=\"elementor-element elementor-element-abc68bc elementor-widget elementor-widget-image\" data-id=\"abc68bc\" data-element_type=\"widget\" data-e-type=\"widget\" data-widget_type=\"image.default\">\n\t\t\t\t\t\t\t\t\t\t\t\t\t\t\t\t<a href=\"\/wp-content\/uploads\/2024\/07\/fhsmemo23web.pdf\" target=\"_blank\" rel=\"nofollow\">\n\t\t\t\t\t\t\t<img loading=\"lazy\" decoding=\"async\" width=\"286\" height=\"300\" src=\"https:\/\/habitatgesocial.org\/wp-content\/uploads\/2024\/07\/fhsmemo23p-2-286x300.png\" class=\"attachment-medium size-medium wp-image-12436\" alt=\"\" srcset=\"https:\/\/habitatgesocial.org\/wp-content\/uploads\/2024\/07\/fhsmemo23p-2-286x300.png 286w, https:\/\/habitatgesocial.org\/wp-content\/uploads\/2024\/07\/fhsmemo23p-2-976x1024.png 976w, https:\/\/habitatgesocial.org\/wp-content\/uploads\/2024\/07\/fhsmemo23p-2-768x805.png 768w, https:\/\/habitatgesocial.org\/wp-content\/uploads\/2024\/07\/fhsmemo23p-2-1465x1536.png 1465w, https:\/\/habitatgesocial.org\/wp-content\/uploads\/2024\/07\/fhsmemo23p-2-1953x2048.png 1953w\" sizes=\"auto, (max-width: 286px) 100vw, 286px\" \/>\t\t\t\t\t\t\t\t<\/a>\n\t\t\t\t\t\t\t\t\t\t\t\t\t\t\t<\/div>\n\t\t\t\t<div class=\"elementor-element elementor-element-ce59bb5 elementor-widget elementor-widget-heading\" data-id=\"ce59bb5\" data-element_type=\"widget\" data-e-type=\"widget\" data-widget_type=\"heading.default\">\n\t\t\t\t\t<h3 class=\"elementor-heading-title elementor-size-default\"><a href=\"\/\/\/wp-content\/uploads\/2022\/08\/2021memobaixa.pdf\">2023<\/a><\/h3>\t\t\t\t<\/div>\n\t\t\t\t\t<\/div>\n\t\t<\/div>\n\t\t\t\t<div class=\"elementor-column elementor-col-20 elementor-inner-column elementor-element elementor-element-778cb11\" data-id=\"778cb11\" data-element_type=\"column\" data-e-type=\"column\">\n\t\t\t<div class=\"elementor-widget-wrap elementor-element-populated\">\n\t\t\t\t\t\t<div class=\"elementor-element elementor-element-977fffa elementor-widget elementor-widget-image\" data-id=\"977fffa\" data-element_type=\"widget\" data-e-type=\"widget\" data-widget_type=\"image.default\">\n\t\t\t\t\t\t\t\t\t\t\t\t\t\t\t\t<a href=\"https:\/\/habitatgesocial.org\/wp-content\/uploads\/2023\/10\/fhsmemo22web.pdf\" target=\"_blank\" rel=\"nofollow\">\n\t\t\t\t\t\t\t<img decoding=\"async\" width=\"291\" height=\"300\" src=\"https:\/\/habitatgesocial.org\/wp-content\/uploads\/2023\/10\/captura-de-pantalla-2023-10-06-a-les-132248-291x300.png\" class=\"attachment-medium size-medium wp-image-10507\" alt=\"\" loading=\"lazy\" srcset=\"https:\/\/habitatgesocial.org\/wp-content\/uploads\/2023\/10\/captura-de-pantalla-2023-10-06-a-les-132248-291x300.png 291w, https:\/\/habitatgesocial.org\/wp-content\/uploads\/2023\/10\/captura-de-pantalla-2023-10-06-a-les-132248-994x1024.png 994w, https:\/\/habitatgesocial.org\/wp-content\/uploads\/2023\/10\/captura-de-pantalla-2023-10-06-a-les-132248-768x791.png 768w, https:\/\/habitatgesocial.org\/wp-content\/uploads\/2023\/10\/captura-de-pantalla-2023-10-06-a-les-132248.png 1006w\" sizes=\"auto, (max-width: 291px) 100vw, 291px\" \/>\t\t\t\t\t\t\t\t<\/a>\n\t\t\t\t\t\t\t\t\t\t\t\t\t\t\t<\/div>\n\t\t\t\t<div class=\"elementor-element elementor-element-be5f08b elementor-widget elementor-widget-heading\" data-id=\"be5f08b\" data-element_type=\"widget\" data-e-type=\"widget\" data-widget_type=\"heading.default\">\n\t\t\t\t\t<h3 class=\"elementor-heading-title elementor-size-default\"><a href=\"\/\/\/wp-content\/uploads\/2022\/08\/2021memobaixa.pdf\">2022<\/a><\/h3>\t\t\t\t<\/div>\n\t\t\t\t\t<\/div>\n\t\t<\/div>\n\t\t\t\t<div class=\"elementor-column elementor-col-20 elementor-inner-column elementor-element elementor-element-da4f4be\" data-id=\"da4f4be\" data-element_type=\"column\" data-e-type=\"column\">\n\t\t\t<div class=\"elementor-widget-wrap elementor-element-populated\">\n\t\t\t\t\t\t<div class=\"elementor-element elementor-element-a50b32a elementor-widget elementor-widget-image\" data-id=\"a50b32a\" data-element_type=\"widget\" data-e-type=\"widget\" data-widget_type=\"image.default\">\n\t\t\t\t\t\t\t\t\t\t\t\t\t\t\t\t<a href=\"\/wp-content\/uploads\/2022\/08\/2021memobaixa.pdf\" target=\"_blank\">\n\t\t\t\t\t\t\t<img decoding=\"async\" width=\"276\" height=\"300\" src=\"https:\/\/habitatgesocial.org\/wp-content\/uploads\/2022\/08\/2021memo1-1-276x300.gif\" class=\"attachment-medium size-medium wp-image-7613\" alt=\"2021memo1\" loading=\"lazy\" srcset=\"https:\/\/habitatgesocial.org\/wp-content\/uploads\/2022\/08\/2021memo1-1-276x300.gif 276w, https:\/\/habitatgesocial.org\/wp-content\/uploads\/2022\/08\/2021memo1-1-942x1024.gif 942w, https:\/\/habitatgesocial.org\/wp-content\/uploads\/2022\/08\/2021memo1-1-768x835.gif 768w, https:\/\/habitatgesocial.org\/wp-content\/uploads\/2022\/08\/2021memo1-1-1413x1536.gif 1413w, https:\/\/habitatgesocial.org\/wp-content\/uploads\/2022\/08\/2021memo1-1-1884x2048.gif 1884w\" sizes=\"auto, (max-width: 276px) 100vw, 276px\" \/>\t\t\t\t\t\t\t\t<\/a>\n\t\t\t\t\t\t\t\t\t\t\t\t\t\t\t<\/div>\n\t\t\t\t<div class=\"elementor-element elementor-element-3dfec28 elementor-widget elementor-widget-heading\" data-id=\"3dfec28\" data-element_type=\"widget\" data-e-type=\"widget\" data-widget_type=\"heading.default\">\n\t\t\t\t\t<h3 class=\"elementor-heading-title elementor-size-default\">2021<\/h3>\t\t\t\t<\/div>\n\t\t\t\t\t<\/div>\n\t\t<\/div>\n\t\t\t\t<div class=\"elementor-column elementor-col-20 elementor-inner-column elementor-element elementor-element-a8195a6\" data-id=\"a8195a6\" data-element_type=\"column\" data-e-type=\"column\">\n\t\t\t<div class=\"elementor-widget-wrap elementor-element-populated\">\n\t\t\t\t\t\t<div class=\"elementor-element elementor-element-ba96945 elementor-widget elementor-widget-image\" data-id=\"ba96945\" data-element_type=\"widget\" data-e-type=\"widget\" data-widget_type=\"image.default\">\n\t\t\t\t\t\t\t\t\t\t\t\t\t\t\t\t<a href=\"\/wp-content\/uploads\/2021\/08\/memoria-2020-maquetada.pdf\" target=\"_blank\">\n\t\t\t\t\t\t\t<img decoding=\"async\" width=\"300\" height=\"300\" src=\"https:\/\/habitatgesocial.org\/wp-content\/uploads\/2021\/08\/memories2020-300x300.png\" class=\"attachment-medium size-medium wp-image-4425\" alt=\"\" loading=\"lazy\" srcset=\"https:\/\/habitatgesocial.org\/wp-content\/uploads\/2021\/08\/memories2020-300x300.png 300w, https:\/\/habitatgesocial.org\/wp-content\/uploads\/2021\/08\/memories2020-150x150.png 150w, https:\/\/habitatgesocial.org\/wp-content\/uploads\/2021\/08\/memories2020.png 456w\" sizes=\"auto, (max-width: 300px) 100vw, 300px\" \/>\t\t\t\t\t\t\t\t<\/a>\n\t\t\t\t\t\t\t\t\t\t\t\t\t\t\t<\/div>\n\t\t\t\t<div class=\"elementor-element elementor-element-1f1f201 elementor-widget elementor-widget-heading\" data-id=\"1f1f201\" data-element_type=\"widget\" data-e-type=\"widget\" data-widget_type=\"heading.default\">\n\t\t\t\t\t<h3 class=\"elementor-heading-title elementor-size-default\">2020<\/h3>\t\t\t\t<\/div>\n\t\t\t\t\t<\/div>\n\t\t<\/div>\n\t\t\t\t\t<\/div>\n\t\t<\/section>\n\t\t\t\t\t<\/div>\n\t\t<\/div>\n\t\t\t\t\t<\/div>\n\t\t<\/section>\n\t\t\t\t<section class=\"elementor-section elementor-top-section elementor-element elementor-element-c2ed397 elementor-section-boxed elementor-section-height-default elementor-section-height-default\" data-id=\"c2ed397\" data-element_type=\"section\" data-e-type=\"section\">\n\t\t\t\t\t\t<div class=\"elementor-container elementor-column-gap-no\">\n\t\t\t\t\t<div class=\"elementor-column elementor-col-100 elementor-top-column elementor-element elementor-element-e0b536a\" data-id=\"e0b536a\" data-element_type=\"column\" data-e-type=\"column\">\n\t\t\t<div class=\"elementor-widget-wrap elementor-element-populated\">\n\t\t\t\t\t\t<div class=\"elementor-element elementor-element-5f7e10f elementor-widget elementor-widget-heading\" data-id=\"5f7e10f\" data-element_type=\"widget\" data-e-type=\"widget\" data-widget_type=\"heading.default\">\n\t\t\t\t\t<h3 class=\"elementor-heading-title elementor-size-default\">Memorias de actividades (cat)<\/h3>\t\t\t\t<\/div>\n\t\t\t\t<section class=\"elementor-section elementor-inner-section elementor-element elementor-element-08d4796 elementor-section-boxed elementor-section-height-default elementor-section-height-default\" data-id=\"08d4796\" data-element_type=\"section\" data-e-type=\"section\">\n\t\t\t\t\t\t<div class=\"elementor-container elementor-column-gap-default\">\n\t\t\t\t\t<div class=\"elementor-column elementor-col-20 elementor-inner-column elementor-element elementor-element-0eb7d90\" data-id=\"0eb7d90\" data-element_type=\"column\" data-e-type=\"column\">\n\t\t\t<div class=\"elementor-widget-wrap elementor-element-populated\">\n\t\t\t\t\t\t<div class=\"elementor-element elementor-element-810f119 elementor-widget elementor-widget-image\" data-id=\"810f119\" data-element_type=\"widget\" data-e-type=\"widget\" data-widget_type=\"image.default\">\n\t\t\t\t\t\t\t\t\t\t\t\t\t\t\t\t<a href=\"https:\/\/habitatgesocial.org\/wp-content\/uploads\/2025\/07\/Memoria_llarga_2024DEF_compressed.pdf\" target=\"_blank\">\n\t\t\t\t\t\t\t<img decoding=\"async\" width=\"212\" height=\"300\" src=\"https:\/\/habitatgesocial.org\/wp-content\/uploads\/2025\/07\/FHS_memo24_portada-212x300.png\" class=\"attachment-medium size-medium wp-image-14920\" alt=\"\" loading=\"lazy\" srcset=\"https:\/\/habitatgesocial.org\/wp-content\/uploads\/2025\/07\/FHS_memo24_portada-212x300.png 212w, https:\/\/habitatgesocial.org\/wp-content\/uploads\/2025\/07\/FHS_memo24_portada.png 620w\" sizes=\"auto, (max-width: 212px) 100vw, 212px\" \/>\t\t\t\t\t\t\t\t<\/a>\n\t\t\t\t\t\t\t\t\t\t\t\t\t\t\t<\/div>\n\t\t\t\t<div class=\"elementor-element elementor-element-0022b31 elementor-widget elementor-widget-heading\" data-id=\"0022b31\" data-element_type=\"widget\" data-e-type=\"widget\" data-widget_type=\"heading.default\">\n\t\t\t\t\t<h3 class=\"elementor-heading-title elementor-size-default\">2024<\/h3>\t\t\t\t<\/div>\n\t\t\t\t<div class=\"elementor-element elementor-element-148afd2 elementor-align-center elementor-widget elementor-widget-button\" data-id=\"148afd2\" data-element_type=\"widget\" data-e-type=\"widget\" data-widget_type=\"button.default\">\n\t\t\t\t\t\t\t\t\t\t<a class=\"elementor-button elementor-button-link elementor-size-sm\" href=\"https:\/\/habitatgesocial.org\/wp-content\/uploads\/2025\/07\/Memoria_llarga_2024DEF_compressed.pdf\" target=\"_blank\" rel=\"nofollow\">\n\t\t\t\t\t\t<span class=\"elementor-button-content-wrapper\">\n\t\t\t\t\t\t\t\t\t<span class=\"elementor-button-text\">Descargar<\/span>\n\t\t\t\t\t<\/span>\n\t\t\t\t\t<\/a>\n\t\t\t\t\t\t\t\t<\/div>\n\t\t\t\t\t<\/div>\n\t\t<\/div>\n\t\t\t\t<div class=\"elementor-column elementor-col-20 elementor-inner-column elementor-element elementor-element-dd8804d\" data-id=\"dd8804d\" data-element_type=\"column\" data-e-type=\"column\">\n\t\t\t<div class=\"elementor-widget-wrap elementor-element-populated\">\n\t\t\t\t\t\t<div class=\"elementor-element elementor-element-47bbabc elementor-widget elementor-widget-image\" data-id=\"47bbabc\" data-element_type=\"widget\" data-e-type=\"widget\" data-widget_type=\"image.default\">\n\t\t\t\t\t\t\t\t\t\t\t\t\t\t\t\t<a href=\"https:\/\/habitatgesocial.org\/wp-content\/uploads\/2024\/07\/2023memoria-anualdef-1.pdf\" target=\"_blank\">\n\t\t\t\t\t\t\t<img decoding=\"async\" width=\"212\" height=\"300\" src=\"https:\/\/habitatgesocial.org\/wp-content\/uploads\/2024\/07\/fhsmemo23-212x300.png\" class=\"attachment-medium size-medium wp-image-12428\" alt=\"\" loading=\"lazy\" srcset=\"https:\/\/habitatgesocial.org\/wp-content\/uploads\/2024\/07\/fhsmemo23-212x300.png 212w, https:\/\/habitatgesocial.org\/wp-content\/uploads\/2024\/07\/fhsmemo23-724x1024.png 724w, https:\/\/habitatgesocial.org\/wp-content\/uploads\/2024\/07\/fhsmemo23-768x1086.png 768w, https:\/\/habitatgesocial.org\/wp-content\/uploads\/2024\/07\/fhsmemo23-1086x1536.png 1086w, https:\/\/habitatgesocial.org\/wp-content\/uploads\/2024\/07\/fhsmemo23-1448x2048.png 1448w\" sizes=\"auto, (max-width: 212px) 100vw, 212px\" \/>\t\t\t\t\t\t\t\t<\/a>\n\t\t\t\t\t\t\t\t\t\t\t\t\t\t\t<\/div>\n\t\t\t\t<div class=\"elementor-element elementor-element-fad388c elementor-widget elementor-widget-heading\" data-id=\"fad388c\" data-element_type=\"widget\" data-e-type=\"widget\" data-widget_type=\"heading.default\">\n\t\t\t\t\t<h3 class=\"elementor-heading-title elementor-size-default\">2023<\/h3>\t\t\t\t<\/div>\n\t\t\t\t<div class=\"elementor-element elementor-element-9397de5 elementor-align-center elementor-widget elementor-widget-button\" data-id=\"9397de5\" data-element_type=\"widget\" data-e-type=\"widget\" data-widget_type=\"button.default\">\n\t\t\t\t\t\t\t\t\t\t<a class=\"elementor-button elementor-button-link elementor-size-sm\" href=\"https:\/\/habitatgesocial.org\/wp-content\/uploads\/2024\/07\/2023memoria-anualdef-1.pdf\" target=\"_blank\" rel=\"nofollow\">\n\t\t\t\t\t\t<span class=\"elementor-button-content-wrapper\">\n\t\t\t\t\t\t\t\t\t<span class=\"elementor-button-text\">Descargar<\/span>\n\t\t\t\t\t<\/span>\n\t\t\t\t\t<\/a>\n\t\t\t\t\t\t\t\t<\/div>\n\t\t\t\t\t<\/div>\n\t\t<\/div>\n\t\t\t\t<div class=\"elementor-column elementor-col-20 elementor-inner-column elementor-element elementor-element-d317f96\" data-id=\"d317f96\" data-element_type=\"column\" data-e-type=\"column\">\n\t\t\t<div class=\"elementor-widget-wrap elementor-element-populated\">\n\t\t\t\t\t\t<div class=\"elementor-element elementor-element-0953dc0 elementor-widget elementor-widget-image\" data-id=\"0953dc0\" data-element_type=\"widget\" data-e-type=\"widget\" data-widget_type=\"image.default\">\n\t\t\t\t\t\t\t\t\t\t\t\t\t\t\t\t<a href=\"\/wp-content\/uploads\/2022\/09\/2021memoria-anual.pdf\" target=\"_blank\">\n\t\t\t\t\t\t\t<img decoding=\"async\" width=\"212\" height=\"300\" src=\"https:\/\/habitatgesocial.org\/wp-content\/uploads\/2023\/10\/captura-de-pantalla-2023-10-06-a-les-131711-212x300.png\" class=\"attachment-medium size-medium wp-image-11264\" alt=\"\" loading=\"lazy\" srcset=\"https:\/\/habitatgesocial.org\/wp-content\/uploads\/2023\/10\/captura-de-pantalla-2023-10-06-a-les-131711-212x300.png 212w, https:\/\/habitatgesocial.org\/wp-content\/uploads\/2023\/10\/captura-de-pantalla-2023-10-06-a-les-131711-723x1024.png 723w, https:\/\/habitatgesocial.org\/wp-content\/uploads\/2023\/10\/captura-de-pantalla-2023-10-06-a-les-131711-768x1088.png 768w, https:\/\/habitatgesocial.org\/wp-content\/uploads\/2023\/10\/captura-de-pantalla-2023-10-06-a-les-131711-1085x1536.png 1085w, https:\/\/habitatgesocial.org\/wp-content\/uploads\/2023\/10\/captura-de-pantalla-2023-10-06-a-les-131711.png 1158w\" sizes=\"auto, (max-width: 212px) 100vw, 212px\" \/>\t\t\t\t\t\t\t\t<\/a>\n\t\t\t\t\t\t\t\t\t\t\t\t\t\t\t<\/div>\n\t\t\t\t<div class=\"elementor-element elementor-element-f9a5c24 elementor-widget elementor-widget-heading\" data-id=\"f9a5c24\" data-element_type=\"widget\" data-e-type=\"widget\" data-widget_type=\"heading.default\">\n\t\t\t\t\t<h3 class=\"elementor-heading-title elementor-size-default\">2022<\/h3>\t\t\t\t<\/div>\n\t\t\t\t<div class=\"elementor-element elementor-element-88c206f elementor-align-center elementor-widget elementor-widget-button\" data-id=\"88c206f\" data-element_type=\"widget\" data-e-type=\"widget\" data-widget_type=\"button.default\">\n\t\t\t\t\t\t\t\t\t\t<a class=\"elementor-button elementor-button-link elementor-size-sm\" href=\"\/wp-content\/uploads\/2022\/09\/2021memoria-anual.pdf\" target=\"_blank\" rel=\"nofollow\">\n\t\t\t\t\t\t<span class=\"elementor-button-content-wrapper\">\n\t\t\t\t\t\t\t\t\t<span class=\"elementor-button-text\">Descargar<\/span>\n\t\t\t\t\t<\/span>\n\t\t\t\t\t<\/a>\n\t\t\t\t\t\t\t\t<\/div>\n\t\t\t\t\t<\/div>\n\t\t<\/div>\n\t\t\t\t<div class=\"elementor-column elementor-col-20 elementor-inner-column elementor-element elementor-element-f289934\" data-id=\"f289934\" data-element_type=\"column\" data-e-type=\"column\">\n\t\t\t<div class=\"elementor-widget-wrap elementor-element-populated\">\n\t\t\t\t\t\t<div class=\"elementor-element elementor-element-7094791 elementor-widget elementor-widget-image\" data-id=\"7094791\" data-element_type=\"widget\" data-e-type=\"widget\" data-widget_type=\"image.default\">\n\t\t\t\t\t\t\t\t\t\t\t\t\t\t\t\t<a href=\"\/wp-content\/uploads\/2022\/09\/20210617memoriapatronatdefinitivaweb.pdf\" target=\"_blank\">\n\t\t\t\t\t\t\t<img decoding=\"async\" width=\"211\" height=\"300\" src=\"https:\/\/habitatgesocial.org\/wp-content\/uploads\/2022\/08\/2021memo1-211x300.gif\" class=\"attachment-medium size-medium wp-image-7611\" alt=\"Memoria 2021\" loading=\"lazy\" srcset=\"https:\/\/habitatgesocial.org\/wp-content\/uploads\/2022\/08\/2021memo1-211x300.gif 211w, https:\/\/habitatgesocial.org\/wp-content\/uploads\/2022\/08\/2021memo1-720x1024.gif 720w, https:\/\/habitatgesocial.org\/wp-content\/uploads\/2022\/08\/2021memo1-768x1092.gif 768w, https:\/\/habitatgesocial.org\/wp-content\/uploads\/2022\/08\/2021memo1-1080x1536.gif 1080w, https:\/\/habitatgesocial.org\/wp-content\/uploads\/2022\/08\/2021memo1-1441x2048.gif 1441w\" sizes=\"auto, (max-width: 211px) 100vw, 211px\" \/>\t\t\t\t\t\t\t\t<\/a>\n\t\t\t\t\t\t\t\t\t\t\t\t\t\t\t<\/div>\n\t\t\t\t<div class=\"elementor-element elementor-element-841f080 elementor-widget elementor-widget-heading\" data-id=\"841f080\" data-element_type=\"widget\" data-e-type=\"widget\" data-widget_type=\"heading.default\">\n\t\t\t\t\t<h3 class=\"elementor-heading-title elementor-size-default\">2021<\/h3>\t\t\t\t<\/div>\n\t\t\t\t<div class=\"elementor-element elementor-element-d90cf85 elementor-align-center elementor-widget elementor-widget-button\" data-id=\"d90cf85\" data-element_type=\"widget\" data-e-type=\"widget\" data-widget_type=\"button.default\">\n\t\t\t\t\t\t\t\t\t\t<a class=\"elementor-button elementor-button-link elementor-size-sm\" href=\"\/wp-content\/uploads\/2022\/09\/20210617memoriapatronatdefinitivaweb.pdf\" target=\"_blank\" rel=\"nofollow\">\n\t\t\t\t\t\t<span class=\"elementor-button-content-wrapper\">\n\t\t\t\t\t\t\t\t\t<span class=\"elementor-button-text\">Descargar<\/span>\n\t\t\t\t\t<\/span>\n\t\t\t\t\t<\/a>\n\t\t\t\t\t\t\t\t<\/div>\n\t\t\t\t\t<\/div>\n\t\t<\/div>\n\t\t\t\t<div class=\"elementor-column elementor-col-20 elementor-inner-column elementor-element elementor-element-8bb06ba\" data-id=\"8bb06ba\" data-element_type=\"column\" data-e-type=\"column\">\n\t\t\t<div class=\"elementor-widget-wrap elementor-element-populated\">\n\t\t\t\t\t\t<div class=\"elementor-element elementor-element-c3d3132 elementor-widget elementor-widget-image\" data-id=\"c3d3132\" data-element_type=\"widget\" data-e-type=\"widget\" data-widget_type=\"image.default\">\n\t\t\t\t\t\t\t\t\t\t\t\t\t\t\t\t<a href=\"\/wp-content\/uploads\/2021\/08\/memoria-2020-maquetada.pdf\" target=\"_blank\">\n\t\t\t\t\t\t\t<img decoding=\"async\" width=\"212\" height=\"300\" src=\"https:\/\/habitatgesocial.org\/wp-content\/uploads\/2021\/08\/memories2020maquetada-212x300.png\" class=\"attachment-medium size-medium wp-image-4431\" alt=\"\" loading=\"lazy\" srcset=\"https:\/\/habitatgesocial.org\/wp-content\/uploads\/2021\/08\/memories2020maquetada-212x300.png 212w, https:\/\/habitatgesocial.org\/wp-content\/uploads\/2021\/08\/memories2020maquetada.png 610w\" sizes=\"auto, (max-width: 212px) 100vw, 212px\" \/>\t\t\t\t\t\t\t\t<\/a>\n\t\t\t\t\t\t\t\t\t\t\t\t\t\t\t<\/div>\n\t\t\t\t<div class=\"elementor-element elementor-element-939b01b elementor-widget elementor-widget-heading\" data-id=\"939b01b\" data-element_type=\"widget\" data-e-type=\"widget\" data-widget_type=\"heading.default\">\n\t\t\t\t\t<h3 class=\"elementor-heading-title elementor-size-default\">2019<\/h3>\t\t\t\t<\/div>\n\t\t\t\t<div class=\"elementor-element elementor-element-f3db0b4 elementor-align-center elementor-widget elementor-widget-button\" data-id=\"f3db0b4\" data-element_type=\"widget\" data-e-type=\"widget\" data-widget_type=\"button.default\">\n\t\t\t\t\t\t\t\t\t\t<a class=\"elementor-button elementor-button-link elementor-size-sm\" href=\"\/wp-content\/uploads\/2021\/08\/memoria-2020-maquetada.pdf\" target=\"_blank\" rel=\"nofollow\">\n\t\t\t\t\t\t<span class=\"elementor-button-content-wrapper\">\n\t\t\t\t\t\t\t\t\t<span class=\"elementor-button-text\">Descargar<\/span>\n\t\t\t\t\t<\/span>\n\t\t\t\t\t<\/a>\n\t\t\t\t\t\t\t\t<\/div>\n\t\t\t\t\t<\/div>\n\t\t<\/div>\n\t\t\t\t\t<\/div>\n\t\t<\/section>\n\t\t\t\t<div class=\"elementor-element elementor-element-fb5c21d elementor-widget elementor-widget-text-editor\" data-id=\"fb5c21d\" data-element_type=\"widget\" data-e-type=\"widget\" data-widget_type=\"text-editor.default\">\n\t\t\t\t\t\t\t\t\t<p>Si quieres ver todas las memorias de la Fundaci\u00f3n, <a href=\"https:\/\/issuu.com\/fhabitatgesocial\/docs\" target=\"_blank\" rel=\"noopener\">clica aqu\u00ed<\/a>.<\/p>\t\t\t\t\t\t\t\t<\/div>\n\t\t\t\t\t<\/div>\n\t\t<\/div>\n\t\t\t\t\t<\/div>\n\t\t<\/section>\n\t\t\t\t<section class=\"elementor-section elementor-top-section elementor-element elementor-element-7103d86 elementor-section-boxed elementor-section-height-default elementor-section-height-default\" data-id=\"7103d86\" data-element_type=\"section\" data-e-type=\"section\">\n\t\t\t\t\t\t<div class=\"elementor-container elementor-column-gap-default\">\n\t\t\t\t\t<div class=\"elementor-column elementor-col-100 elementor-top-column elementor-element elementor-element-af8d73b\" data-id=\"af8d73b\" data-element_type=\"column\" data-e-type=\"column\">\n\t\t\t<div class=\"elementor-widget-wrap elementor-element-populated\">\n\t\t\t\t\t\t<section class=\"elementor-section elementor-inner-section elementor-element elementor-element-54ef251 elementor-section-boxed elementor-section-height-default elementor-section-height-default\" data-id=\"54ef251\" data-element_type=\"section\" data-e-type=\"section\">\n\t\t\t\t\t\t<div class=\"elementor-container elementor-column-gap-default\">\n\t\t\t\t\t<div class=\"elementor-column elementor-col-100 elementor-inner-column elementor-element elementor-element-0709db7\" data-id=\"0709db7\" data-element_type=\"column\" data-e-type=\"column\" data-settings=\"{&quot;background_background&quot;:&quot;classic&quot;}\">\n\t\t\t<div class=\"elementor-widget-wrap elementor-element-populated\">\n\t\t\t\t\t<div class=\"elementor-background-overlay\"><\/div>\n\t\t\t\t\t\t<div class=\"elementor-element elementor-element-a9c3906 elementor-widget elementor-widget-heading\" data-id=\"a9c3906\" data-element_type=\"widget\" data-e-type=\"widget\" data-widget_type=\"heading.default\">\n\t\t\t\t\t<h3 class=\"elementor-heading-title elementor-size-default\">Publicaciones e informes de la Fundaci\u00f3n (cat)<\/h3>\t\t\t\t<\/div>\n\t\t\t\t<div class=\"elementor-element elementor-element-2f8dd70 elementor-icon-list--layout-traditional elementor-list-item-link-full_width elementor-widget elementor-widget-icon-list\" data-id=\"2f8dd70\" data-element_type=\"widget\" data-e-type=\"widget\" data-widget_type=\"icon-list.default\">\n\t\t\t\t\t\t\t<ul class=\"elementor-icon-list-items\">\n\t\t\t\t\t\t\t<li class=\"elementor-icon-list-item\">\n\t\t\t\t\t\t\t\t\t\t\t<a href=\"\/wp-content\/uploads\/2021\/08\/balanc-social-2020-ffhs.pdf\" target=\"_blank\" rel=\"nofollow\">\n\n\t\t\t\t\t\t\t\t\t\t\t\t<span class=\"elementor-icon-list-icon\">\n\t\t\t\t\t\t\t<svg aria-hidden=\"true\" class=\"e-font-icon-svg e-fas-check\" viewBox=\"0 0 512 512\" xmlns=\"http:\/\/www.w3.org\/2000\/svg\"><path d=\"M173.898 439.404l-166.4-166.4c-9.997-9.997-9.997-26.206 0-36.204l36.203-36.204c9.997-9.998 26.207-9.998 36.204 0L192 312.69 432.095 72.596c9.997-9.997 26.207-9.997 36.204 0l36.203 36.204c9.997 9.997 9.997 26.206 0 36.204l-294.4 294.401c-9.998 9.997-26.207 9.997-36.204-.001z\"><\/path><\/svg>\t\t\t\t\t\t<\/span>\n\t\t\t\t\t\t\t\t\t\t<span class=\"elementor-icon-list-text\">Balance social de la Fundaci\u00f3n 2020<\/span>\n\t\t\t\t\t\t\t\t\t\t\t<\/a>\n\t\t\t\t\t\t\t\t\t<\/li>\n\t\t\t\t\t\t\t\t<li class=\"elementor-icon-list-item\">\n\t\t\t\t\t\t\t\t\t\t\t<a href=\"\/wp-content\/uploads\/2022\/08\/balanc-social-2021.pdf\" target=\"_blank\">\n\n\t\t\t\t\t\t\t\t\t\t\t\t<span class=\"elementor-icon-list-icon\">\n\t\t\t\t\t\t\t<svg aria-hidden=\"true\" class=\"e-font-icon-svg e-fas-check\" viewBox=\"0 0 512 512\" xmlns=\"http:\/\/www.w3.org\/2000\/svg\"><path d=\"M173.898 439.404l-166.4-166.4c-9.997-9.997-9.997-26.206 0-36.204l36.203-36.204c9.997-9.998 26.207-9.998 36.204 0L192 312.69 432.095 72.596c9.997-9.997 26.207-9.997 36.204 0l36.203 36.204c9.997 9.997 9.997 26.206 0 36.204l-294.4 294.401c-9.998 9.997-26.207 9.997-36.204-.001z\"><\/path><\/svg>\t\t\t\t\t\t<\/span>\n\t\t\t\t\t\t\t\t\t\t<span class=\"elementor-icon-list-text\">Balance social de la Fundaci\u00f3n 2021<\/span>\n\t\t\t\t\t\t\t\t\t\t\t<\/a>\n\t\t\t\t\t\t\t\t\t<\/li>\n\t\t\t\t\t\t\t\t<li class=\"elementor-icon-list-item\">\n\t\t\t\t\t\t\t\t\t\t\t<a href=\"\/wp-content\/uploads\/2023\/07\/2022balanc-social.pdf\" target=\"_blank\">\n\n\t\t\t\t\t\t\t\t\t\t\t\t<span class=\"elementor-icon-list-icon\">\n\t\t\t\t\t\t\t<svg aria-hidden=\"true\" class=\"e-font-icon-svg e-fas-check\" viewBox=\"0 0 512 512\" xmlns=\"http:\/\/www.w3.org\/2000\/svg\"><path d=\"M173.898 439.404l-166.4-166.4c-9.997-9.997-9.997-26.206 0-36.204l36.203-36.204c9.997-9.998 26.207-9.998 36.204 0L192 312.69 432.095 72.596c9.997-9.997 26.207-9.997 36.204 0l36.203 36.204c9.997 9.997 9.997 26.206 0 36.204l-294.4 294.401c-9.998 9.997-26.207 9.997-36.204-.001z\"><\/path><\/svg>\t\t\t\t\t\t<\/span>\n\t\t\t\t\t\t\t\t\t\t<span class=\"elementor-icon-list-text\">Balance social de la Fundaci\u00f3n 2022<\/span>\n\t\t\t\t\t\t\t\t\t\t\t<\/a>\n\t\t\t\t\t\t\t\t\t<\/li>\n\t\t\t\t\t\t\t\t<li class=\"elementor-icon-list-item\">\n\t\t\t\t\t\t\t\t\t\t\t<a href=\"https:\/\/habitatgesocial.org\/wp-content\/uploads\/2024\/07\/balanc-social-2023def.pdf\" target=\"_blank\">\n\n\t\t\t\t\t\t\t\t\t\t\t\t<span class=\"elementor-icon-list-icon\">\n\t\t\t\t\t\t\t<svg aria-hidden=\"true\" class=\"e-font-icon-svg e-fas-check\" viewBox=\"0 0 512 512\" xmlns=\"http:\/\/www.w3.org\/2000\/svg\"><path d=\"M173.898 439.404l-166.4-166.4c-9.997-9.997-9.997-26.206 0-36.204l36.203-36.204c9.997-9.998 26.207-9.998 36.204 0L192 312.69 432.095 72.596c9.997-9.997 26.207-9.997 36.204 0l36.203 36.204c9.997 9.997 9.997 26.206 0 36.204l-294.4 294.401c-9.998 9.997-26.207 9.997-36.204-.001z\"><\/path><\/svg>\t\t\t\t\t\t<\/span>\n\t\t\t\t\t\t\t\t\t\t<span class=\"elementor-icon-list-text\">Balance social de la Fundaci\u00f3n 2023<\/span>\n\t\t\t\t\t\t\t\t\t\t\t<\/a>\n\t\t\t\t\t\t\t\t\t<\/li>\n\t\t\t\t\t\t\t\t<li class=\"elementor-icon-list-item\">\n\t\t\t\t\t\t\t\t\t\t\t<a href=\"https:\/\/habitatgesocial.org\/wp-content\/uploads\/2025\/07\/BALANC-SOCIAL-2024_DEF_compressed.pdf\" target=\"_blank\">\n\n\t\t\t\t\t\t\t\t\t\t\t\t<span class=\"elementor-icon-list-icon\">\n\t\t\t\t\t\t\t<svg aria-hidden=\"true\" class=\"e-font-icon-svg e-fas-check\" viewBox=\"0 0 512 512\" xmlns=\"http:\/\/www.w3.org\/2000\/svg\"><path d=\"M173.898 439.404l-166.4-166.4c-9.997-9.997-9.997-26.206 0-36.204l36.203-36.204c9.997-9.998 26.207-9.998 36.204 0L192 312.69 432.095 72.596c9.997-9.997 26.207-9.997 36.204 0l36.203 36.204c9.997 9.997 9.997 26.206 0 36.204l-294.4 294.401c-9.998 9.997-26.207 9.997-36.204-.001z\"><\/path><\/svg>\t\t\t\t\t\t<\/span>\n\t\t\t\t\t\t\t\t\t\t<span class=\"elementor-icon-list-text\">Balance social de la Fundaci\u00f3n 2024<\/span>\n\t\t\t\t\t\t\t\t\t\t\t<\/a>\n\t\t\t\t\t\t\t\t\t<\/li>\n\t\t\t\t\t\t<\/ul>\n\t\t\t\t\t\t<\/div>\n\t\t\t\t\t<\/div>\n\t\t<\/div>\n\t\t\t\t\t<\/div>\n\t\t<\/section>\n\t\t\t\t\t<\/div>\n\t\t<\/div>\n\t\t\t\t\t<\/div>\n\t\t<\/section>\n\t\t\t\t<section class=\"elementor-section elementor-top-section elementor-element elementor-element-39ba42e elementor-section-boxed elementor-section-height-default elementor-section-height-default\" data-id=\"39ba42e\" data-element_type=\"section\" data-e-type=\"section\">\n\t\t\t\t\t\t<div class=\"elementor-container elementor-column-gap-default\">\n\t\t\t\t\t<div class=\"elementor-column elementor-col-100 elementor-top-column elementor-element elementor-element-d613f9e\" data-id=\"d613f9e\" data-element_type=\"column\" data-e-type=\"column\">\n\t\t\t<div class=\"elementor-widget-wrap elementor-element-populated\">\n\t\t\t\t\t\t<div class=\"elementor-element elementor-element-7ee2494 elementor-widget elementor-widget-heading\" data-id=\"7ee2494\" data-element_type=\"widget\" data-e-type=\"widget\" data-widget_type=\"heading.default\">\n\t\t\t\t\t<h3 class=\"elementor-heading-title elementor-size-default\">Videos de la Fundaci\u00f3n<\/h3>\t\t\t\t<\/div>\n\t\t\t\t<section class=\"elementor-section elementor-inner-section elementor-element elementor-element-673fea2 elementor-section-boxed elementor-section-height-default elementor-section-height-default\" data-id=\"673fea2\" data-element_type=\"section\" data-e-type=\"section\" data-settings=\"{&quot;background_background&quot;:&quot;classic&quot;}\">\n\t\t\t\t\t\t<div class=\"elementor-container elementor-column-gap-default\">\n\t\t\t\t\t<div class=\"elementor-column elementor-col-50 elementor-inner-column elementor-element elementor-element-0bd9702\" data-id=\"0bd9702\" data-element_type=\"column\" data-e-type=\"column\">\n\t\t\t<div class=\"elementor-widget-wrap elementor-element-populated\">\n\t\t\t\t\t\t<div class=\"elementor-element elementor-element-9dc8a71 elementor-widget elementor-widget-video\" data-id=\"9dc8a71\" data-element_type=\"widget\" data-e-type=\"widget\" data-settings=\"{&quot;youtube_url&quot;:&quot;https:\\\/\\\/www.youtube.com\\\/watch?v=_mk-hlPDRQU&quot;,&quot;video_type&quot;:&quot;youtube&quot;,&quot;controls&quot;:&quot;yes&quot;}\" data-widget_type=\"video.default\">\n\t\t\t\t\t\t\t<div class=\"elementor-wrapper elementor-open-inline\">\n\t\t\t<div class=\"elementor-video\"><\/div>\t\t<\/div>\n\t\t\t\t\t\t<\/div>\n\t\t\t\t<div class=\"elementor-element elementor-element-22eac30 elementor-widget elementor-widget-text-editor\" data-id=\"22eac30\" data-element_type=\"widget\" data-e-type=\"widget\" data-widget_type=\"text-editor.default\">\n\t\t\t\t\t\t\t\t\t<p>Con subt\u00edtulos en castellano<\/p>\t\t\t\t\t\t\t\t<\/div>\n\t\t\t\t\t<\/div>\n\t\t<\/div>\n\t\t\t\t<div class=\"elementor-column elementor-col-50 elementor-inner-column elementor-element elementor-element-ae93b38\" data-id=\"ae93b38\" data-element_type=\"column\" data-e-type=\"column\">\n\t\t\t<div class=\"elementor-widget-wrap elementor-element-populated\">\n\t\t\t\t\t\t<div class=\"elementor-element elementor-element-3430410 elementor-widget elementor-widget-heading\" data-id=\"3430410\" data-element_type=\"widget\" data-e-type=\"widget\" data-widget_type=\"heading.default\">\n\t\t\t\t\t<h2 class=\"elementor-heading-title elementor-size-default\">La Fundaci\u00f3<\/h2>\t\t\t\t<\/div>\n\t\t\t\t<div class=\"elementor-element elementor-element-fde3860 elementor-widget elementor-widget-text-editor\" data-id=\"fde3860\" data-element_type=\"widget\" data-e-type=\"widget\" data-widget_type=\"text-editor.default\">\n\t\t\t\t\t\t\t\t\t<p>Video de presentaci\u00f3n de la Fundaci\u00f3 Habitatge Social<\/p>\t\t\t\t\t\t\t\t<\/div>\n\t\t\t\t\t<\/div>\n\t\t<\/div>\n\t\t\t\t\t<\/div>\n\t\t<\/section>\n\t\t\t\t<section class=\"elementor-section elementor-inner-section elementor-element elementor-element-5cf82eb elementor-section-boxed elementor-section-height-default elementor-section-height-default\" data-id=\"5cf82eb\" data-element_type=\"section\" data-e-type=\"section\" data-settings=\"{&quot;background_background&quot;:&quot;classic&quot;}\">\n\t\t\t\t\t\t<div class=\"elementor-container elementor-column-gap-default\">\n\t\t\t\t\t<div class=\"elementor-column elementor-col-50 elementor-inner-column elementor-element elementor-element-a1465c3\" data-id=\"a1465c3\" data-element_type=\"column\" data-e-type=\"column\">\n\t\t\t<div class=\"elementor-widget-wrap elementor-element-populated\">\n\t\t\t\t\t\t<div class=\"elementor-element elementor-element-38976d8 elementor-widget elementor-widget-video\" data-id=\"38976d8\" data-element_type=\"widget\" data-e-type=\"widget\" data-settings=\"{&quot;youtube_url&quot;:&quot;https:\\\/\\\/youtu.be\\\/YuTn8Yaqzoo&quot;,&quot;video_type&quot;:&quot;youtube&quot;,&quot;controls&quot;:&quot;yes&quot;}\" data-widget_type=\"video.default\">\n\t\t\t\t\t\t\t<div class=\"elementor-wrapper elementor-open-inline\">\n\t\t\t<div class=\"elementor-video\"><\/div>\t\t<\/div>\n\t\t\t\t\t\t<\/div>\n\t\t\t\t<div class=\"elementor-element elementor-element-0be33f2 elementor-widget elementor-widget-text-editor\" data-id=\"0be33f2\" data-element_type=\"widget\" data-e-type=\"widget\" data-widget_type=\"text-editor.default\">\n\t\t\t\t\t\t\t\t\t<p>Con subt\u00edtulos en castellano<\/p>\t\t\t\t\t\t\t\t<\/div>\n\t\t\t\t\t<\/div>\n\t\t<\/div>\n\t\t\t\t<div class=\"elementor-column elementor-col-50 elementor-inner-column elementor-element elementor-element-50b18ac\" data-id=\"50b18ac\" data-element_type=\"column\" data-e-type=\"column\">\n\t\t\t<div class=\"elementor-widget-wrap elementor-element-populated\">\n\t\t\t\t\t\t<div class=\"elementor-element elementor-element-da0f3d0 elementor-widget elementor-widget-heading\" data-id=\"da0f3d0\" data-element_type=\"widget\" data-e-type=\"widget\" data-widget_type=\"heading.default\">\n\t\t\t\t\t<h2 class=\"elementor-heading-title elementor-size-default\">Proyecto Oikos<\/h2>\t\t\t\t<\/div>\n\t\t\t\t<div class=\"elementor-element elementor-element-d3101ab elementor-widget elementor-widget-text-editor\" data-id=\"d3101ab\" data-element_type=\"widget\" data-e-type=\"widget\" data-widget_type=\"text-editor.default\">\n\t\t\t\t\t\t\t\t\t<p>Ved c\u00f3mo se desarrolla el programa de acompa\u00f1amiento en viviendas de alquiler muy social de la mano de las personas usuarias, los educadores sociales y el resto de personas de la Fundaci\u00f3n que intervienen.<\/p>\t\t\t\t\t\t\t\t<\/div>\n\t\t\t\t\t<\/div>\n\t\t<\/div>\n\t\t\t\t\t<\/div>\n\t\t<\/section>\n\t\t\t\t<section class=\"elementor-section elementor-inner-section elementor-element elementor-element-4ae672f elementor-section-boxed elementor-section-height-default elementor-section-height-default\" data-id=\"4ae672f\" data-element_type=\"section\" data-e-type=\"section\" data-settings=\"{&quot;background_background&quot;:&quot;classic&quot;}\">\n\t\t\t\t\t\t<div class=\"elementor-container elementor-column-gap-default\">\n\t\t\t\t\t<div class=\"elementor-column elementor-col-50 elementor-inner-column elementor-element elementor-element-53a6750\" data-id=\"53a6750\" data-element_type=\"column\" data-e-type=\"column\">\n\t\t\t<div class=\"elementor-widget-wrap elementor-element-populated\">\n\t\t\t\t\t\t<div class=\"elementor-element elementor-element-6cab30e elementor-widget elementor-widget-video\" data-id=\"6cab30e\" data-element_type=\"widget\" data-e-type=\"widget\" data-settings=\"{&quot;youtube_url&quot;:&quot;https:\\\/\\\/youtu.be\\\/lP-gFJdtg0Y&quot;,&quot;video_type&quot;:&quot;youtube&quot;,&quot;controls&quot;:&quot;yes&quot;}\" data-widget_type=\"video.default\">\n\t\t\t\t\t\t\t<div class=\"elementor-wrapper elementor-open-inline\">\n\t\t\t<div class=\"elementor-video\"><\/div>\t\t<\/div>\n\t\t\t\t\t\t<\/div>\n\t\t\t\t<div class=\"elementor-element elementor-element-d91d7fc elementor-widget elementor-widget-text-editor\" data-id=\"d91d7fc\" data-element_type=\"widget\" data-e-type=\"widget\" data-widget_type=\"text-editor.default\">\n\t\t\t\t\t\t\t\t\t<p>Con subt\u00edtulos en castellano<\/p>\t\t\t\t\t\t\t\t<\/div>\n\t\t\t\t\t<\/div>\n\t\t<\/div>\n\t\t\t\t<div class=\"elementor-column elementor-col-50 elementor-inner-column elementor-element elementor-element-f34a568\" data-id=\"f34a568\" data-element_type=\"column\" data-e-type=\"column\">\n\t\t\t<div class=\"elementor-widget-wrap elementor-element-populated\">\n\t\t\t\t\t\t<div class=\"elementor-element elementor-element-c73645d elementor-widget elementor-widget-heading\" data-id=\"c73645d\" data-element_type=\"widget\" data-e-type=\"widget\" data-widget_type=\"heading.default\">\n\t\t\t\t\t<h2 class=\"elementor-heading-title elementor-size-default\">La gesti\u00f3n de las viviendas de la Fundaci\u00f3n<\/h2>\t\t\t\t<\/div>\n\t\t\t\t<div class=\"elementor-element elementor-element-be4a6d1 elementor-widget elementor-widget-text-editor\" data-id=\"be4a6d1\" data-element_type=\"widget\" data-e-type=\"widget\" data-widget_type=\"text-editor.default\">\n\t\t\t\t\t\t\t\t\t<p>Ceder una vivienda a la Fundaci\u00f3n es f\u00e1cil y seguro. En este v\u00eddeo puedes ver c\u00f3mo cuidamos las viviendas y testimonios de personas que han cedido una vivienda con el objetivo de apoyar a las familias m\u00e1s desfavorecidas.<\/p>\t\t\t\t\t\t\t\t<\/div>\n\t\t\t\t\t<\/div>\n\t\t<\/div>\n\t\t\t\t\t<\/div>\n\t\t<\/section>\n\t\t\t\t<section class=\"elementor-section elementor-inner-section elementor-element elementor-element-3257cec elementor-section-boxed elementor-section-height-default elementor-section-height-default\" data-id=\"3257cec\" data-element_type=\"section\" data-e-type=\"section\" data-settings=\"{&quot;background_background&quot;:&quot;classic&quot;}\">\n\t\t\t\t\t\t<div class=\"elementor-container elementor-column-gap-default\">\n\t\t\t\t\t<div class=\"elementor-column elementor-col-50 elementor-inner-column elementor-element elementor-element-8e6aa64\" data-id=\"8e6aa64\" data-element_type=\"column\" data-e-type=\"column\">\n\t\t\t<div class=\"elementor-widget-wrap elementor-element-populated\">\n\t\t\t\t\t\t<div class=\"elementor-element elementor-element-a7f1e4a elementor-widget elementor-widget-video\" data-id=\"a7f1e4a\" data-element_type=\"widget\" data-e-type=\"widget\" data-settings=\"{&quot;youtube_url&quot;:&quot;https:\\\/\\\/youtu.be\\\/aLiF60z4B2c?si=VNLYejtEN2cH2vLs&quot;,&quot;video_type&quot;:&quot;youtube&quot;,&quot;controls&quot;:&quot;yes&quot;}\" data-widget_type=\"video.default\">\n\t\t\t\t\t\t\t<div class=\"elementor-wrapper elementor-open-inline\">\n\t\t\t<div class=\"elementor-video\"><\/div>\t\t<\/div>\n\t\t\t\t\t\t<\/div>\n\t\t\t\t<div class=\"elementor-element elementor-element-d244b18 elementor-widget elementor-widget-text-editor\" data-id=\"d244b18\" data-element_type=\"widget\" data-e-type=\"widget\" data-widget_type=\"text-editor.default\">\n\t\t\t\t\t\t\t\t\t<p>Con subt\u00edtulos en castellano<\/p>\t\t\t\t\t\t\t\t<\/div>\n\t\t\t\t\t<\/div>\n\t\t<\/div>\n\t\t\t\t<div class=\"elementor-column elementor-col-50 elementor-inner-column elementor-element elementor-element-9f24db2\" data-id=\"9f24db2\" data-element_type=\"column\" data-e-type=\"column\">\n\t\t\t<div class=\"elementor-widget-wrap elementor-element-populated\">\n\t\t\t\t\t\t<div class=\"elementor-element elementor-element-40101f1 elementor-widget elementor-widget-heading\" data-id=\"40101f1\" data-element_type=\"widget\" data-e-type=\"widget\" data-widget_type=\"heading.default\">\n\t\t\t\t\t<h2 class=\"elementor-heading-title elementor-size-default\">Un hogar es m\u00e1s que un lugar donde vivir<\/h2>\t\t\t\t<\/div>\n\t\t\t\t<div class=\"elementor-element elementor-element-ae8cdfe elementor-widget elementor-widget-text-editor\" data-id=\"ae8cdfe\" data-element_type=\"widget\" data-e-type=\"widget\" data-widget_type=\"text-editor.default\">\n\t\t\t\t\t\t\t\t\t<p>No nos cansaremos de decir que un hogar es m\u00e1s que un lugar donde vivir y as\u00ed lo demuestra este v\u00eddeo donde familias inquilinas, profesionales de la Fundaci\u00f3, compa\u00f1eras de sector y amigos de nuestro proyecto explican que es para ellos casa. \u00a1Gracias a todas y todos por compartir!<\/p>\t\t\t\t\t\t\t\t<\/div>\n\t\t\t\t\t<\/div>\n\t\t<\/div>\n\t\t\t\t\t<\/div>\n\t\t<\/section>\n\t\t\t\t<div class=\"elementor-element elementor-element-0fdeaf5 elementor-widget elementor-widget-spacer\" data-id=\"0fdeaf5\" data-element_type=\"widget\" data-e-type=\"widget\" data-widget_type=\"spacer.default\">\n\t\t\t\t\t\t\t<div class=\"elementor-spacer\">\n\t\t\t<div class=\"elementor-spacer-inner\"><\/div>\n\t\t<\/div>\n\t\t\t\t\t\t<\/div>\n\t\t\t\t<div class=\"elementor-element elementor-element-31196ab elementor-widget elementor-widget-heading\" data-id=\"31196ab\" data-element_type=\"widget\" data-e-type=\"widget\" data-widget_type=\"heading.default\">\n\t\t\t\t\t<h3 class=\"elementor-heading-title elementor-size-default\">Otros videos recomendados<\/h3>\t\t\t\t<\/div>\n\t\t\t\t\t<\/div>\n\t\t<\/div>\n\t\t\t\t\t<\/div>\n\t\t<\/section>\n\t\t\t\t<section class=\"elementor-section elementor-top-section elementor-element elementor-element-9bb8f94 elementor-section-boxed elementor-section-height-default elementor-section-height-default\" data-id=\"9bb8f94\" data-element_type=\"section\" data-e-type=\"section\">\n\t\t\t\t\t\t<div class=\"elementor-container elementor-column-gap-no\">\n\t\t\t\t\t<div class=\"elementor-column elementor-col-100 elementor-top-column elementor-element elementor-element-6288ffe\" data-id=\"6288ffe\" data-element_type=\"column\" data-e-type=\"column\">\n\t\t\t<div class=\"elementor-widget-wrap elementor-element-populated\">\n\t\t\t\t\t\t<section class=\"elementor-section elementor-inner-section elementor-element elementor-element-05d7adf elementor-section-boxed elementor-section-height-default elementor-section-height-default\" data-id=\"05d7adf\" data-element_type=\"section\" data-e-type=\"section\">\n\t\t\t\t\t\t<div class=\"elementor-container elementor-column-gap-default\">\n\t\t\t\t\t<div class=\"elementor-column elementor-col-100 elementor-inner-column elementor-element elementor-element-4411dc4\" data-id=\"4411dc4\" data-element_type=\"column\" data-e-type=\"column\" data-settings=\"{&quot;background_background&quot;:&quot;classic&quot;}\">\n\t\t\t<div class=\"elementor-widget-wrap elementor-element-populated\">\n\t\t\t\t\t<div class=\"elementor-background-overlay\"><\/div>\n\t\t\t\t\t\t<div class=\"elementor-element elementor-element-edd119d elementor-widget elementor-widget-text-editor\" data-id=\"edd119d\" data-element_type=\"widget\" data-e-type=\"widget\" data-widget_type=\"text-editor.default\">\n\t\t\t\t\t\t\t\t\t<p>Puedes ver todos los videos de la Fundaci\u00f3n en el canal <a href=\"https:\/\/www.youtube.com\/channel\/UCd9pYW8JNTtiKtaYWqTKwjQ\" target=\"_blank\" rel=\"noopener\">Youtube<\/a>.<\/p>\t\t\t\t\t\t\t\t<\/div>\n\t\t\t\t\t<\/div>\n\t\t<\/div>\n\t\t\t\t\t<\/div>\n\t\t<\/section>\n\t\t\t\t\t<\/div>\n\t\t<\/div>\n\t\t\t\t\t<\/div>\n\t\t<\/section>\n\t\t\t\t<section class=\"elementor-section elementor-top-section elementor-element elementor-element-ca7e677 elementor-section-boxed elementor-section-height-default elementor-section-height-default\" data-id=\"ca7e677\" data-element_type=\"section\" data-e-type=\"section\">\n\t\t\t\t\t\t<div class=\"elementor-container elementor-column-gap-no\">\n\t\t\t\t\t<div class=\"elementor-column elementor-col-100 elementor-top-column elementor-element elementor-element-5d3f554\" data-id=\"5d3f554\" data-element_type=\"column\" data-e-type=\"column\">\n\t\t\t<div class=\"elementor-widget-wrap elementor-element-populated\">\n\t\t\t\t\t\t<section class=\"elementor-section elementor-inner-section elementor-element elementor-element-e71234a elementor-section-boxed elementor-section-height-default elementor-section-height-default\" data-id=\"e71234a\" data-element_type=\"section\" data-e-type=\"section\" data-settings=\"{&quot;background_background&quot;:&quot;classic&quot;}\">\n\t\t\t\t\t\t<div class=\"elementor-container elementor-column-gap-default\">\n\t\t\t\t\t<div class=\"elementor-column elementor-col-50 elementor-inner-column elementor-element elementor-element-2bf8bca\" data-id=\"2bf8bca\" data-element_type=\"column\" data-e-type=\"column\">\n\t\t\t<div class=\"elementor-widget-wrap elementor-element-populated\">\n\t\t\t\t\t\t<div class=\"elementor-element elementor-element-07cc020 elementor-widget elementor-widget-image\" data-id=\"07cc020\" data-element_type=\"widget\" data-e-type=\"widget\" data-widget_type=\"image.default\">\n\t\t\t\t\t\t\t\t\t\t\t\t\t\t\t\t<a href=\"https:\/\/www.ccma.cat\/tv3\/alacarta\/30-minuts\/un-dret-en-venda\/video\/6088054\/\" target=\"_blank\" rel=\"noopener\">\n\t\t\t\t\t\t\t<img decoding=\"async\" src=\"https:\/\/habitatgesocial.org\/wp-content\/plugins\/elementor\/assets\/images\/placeholder.png\" title=\"\" alt=\"\" loading=\"lazy\" \/>\t\t\t\t\t\t\t\t<\/a>\n\t\t\t\t\t\t\t\t\t\t\t\t\t\t\t<\/div>\n\t\t\t\t\t<\/div>\n\t\t<\/div>\n\t\t\t\t<div class=\"elementor-column elementor-col-50 elementor-inner-column elementor-element elementor-element-c2bfff9\" data-id=\"c2bfff9\" data-element_type=\"column\" data-e-type=\"column\">\n\t\t\t<div class=\"elementor-widget-wrap elementor-element-populated\">\n\t\t\t\t\t\t<div class=\"elementor-element elementor-element-e5ad520 elementor-widget elementor-widget-heading\" data-id=\"e5ad520\" data-element_type=\"widget\" data-e-type=\"widget\" data-widget_type=\"heading.default\">\n\t\t\t\t\t<h2 class=\"elementor-heading-title elementor-size-default\">\"Un dret en venda\"<\/h2>\t\t\t\t<\/div>\n\t\t\t\t<div class=\"elementor-element elementor-element-9894857 elementor-widget elementor-widget-text-editor\" data-id=\"9894857\" data-element_type=\"widget\" data-e-type=\"widget\" data-widget_type=\"text-editor.default\">\n\t\t\t\t\t\t\t\t\t<p>Reflexi\u00f3n sobre el derecho a la vivienda con testimonio de familias vulnerables, expertos, responsables del sector financiero y responsables pol\u00edticos. El reportaje se refleja tambi\u00e9n con Viena, la ciudad con mayor parque de vivienda p\u00fablica de Europa.<\/p>\t\t\t\t\t\t\t\t<\/div>\n\t\t\t\t<div class=\"elementor-element elementor-element-8cf683e elementor-button-info elementor-align-center elementor-widget elementor-widget-button\" data-id=\"8cf683e\" data-element_type=\"widget\" data-e-type=\"widget\" data-widget_type=\"button.default\">\n\t\t\t\t\t\t\t\t\t\t<a class=\"elementor-button elementor-button-link elementor-size-sm\" href=\"https:\/\/www.ccma.cat\/tv3\/alacarta\/30-minuts\/un-dret-en-venda\/video\/6088054\/\" target=\"_blank\" rel=\"noopener\">\n\t\t\t\t\t\t<span class=\"elementor-button-content-wrapper\">\n\t\t\t\t\t\t\t\t\t<span class=\"elementor-button-text\">Ver video a \"TV3 a la carta\"<\/span>\n\t\t\t\t\t<\/span>\n\t\t\t\t\t<\/a>\n\t\t\t\t\t\t\t\t<\/div>\n\t\t\t\t\t<\/div>\n\t\t<\/div>\n\t\t\t\t\t<\/div>\n\t\t<\/section>\n\t\t\t\t\t<\/div>\n\t\t<\/div>\n\t\t\t\t\t<\/div>\n\t\t<\/section>\n\t\t\t\t<\/div>\n\t\t","protected":false},"excerpt":{"rendered":"<p>La mayor parte de la documentaci\u00f3n de la Fundaci\u00f3 est\u00e1 elaborada en catal\u00e1n. A\u00fan y as\u00ed, los v\u00eddeos tienen subt\u00edtulos en castellano. Memorias de actividades en formato breve (cat) 2024 2023 2022 2021 2020 Memorias de actividades (cat) 2024 Descargar 2023 Descargar 2022 Descargar 2021 Descargar 2019 Descargar Si quieres ver todas las memorias de &#8230; <a title=\"Publicaciones\" class=\"read-more\" href=\"https:\/\/habitatgesocial.org\/es\/publicaciones\/\" aria-label=\"Read more about Publicaciones\">Read more<\/a><\/p>\n","protected":false},"author":2,"featured_media":4282,"parent":0,"menu_order":0,"comment_status":"closed","ping_status":"closed","template":"","meta":{"footnotes":""},"class_list":["post-6150","page","type-page","status-publish","has-post-thumbnail"],"_links":{"self":[{"href":"https:\/\/habitatgesocial.org\/es\/wp-json\/wp\/v2\/pages\/6150","targetHints":{"allow":["GET"]}}],"collection":[{"href":"https:\/\/habitatgesocial.org\/es\/wp-json\/wp\/v2\/pages"}],"about":[{"href":"https:\/\/habitatgesocial.org\/es\/wp-json\/wp\/v2\/types\/page"}],"author":[{"embeddable":true,"href":"https:\/\/habitatgesocial.org\/es\/wp-json\/wp\/v2\/users\/2"}],"replies":[{"embeddable":true,"href":"https:\/\/habitatgesocial.org\/es\/wp-json\/wp\/v2\/comments?post=6150"}],"version-history":[{"count":64,"href":"https:\/\/habitatgesocial.org\/es\/wp-json\/wp\/v2\/pages\/6150\/revisions"}],"predecessor-version":[{"id":15832,"href":"https:\/\/habitatgesocial.org\/es\/wp-json\/wp\/v2\/pages\/6150\/revisions\/15832"}],"wp:featuredmedia":[{"embeddable":true,"href":"https:\/\/habitatgesocial.org\/es\/wp-json\/wp\/v2\/media\/4282"}],"wp:attachment":[{"href":"https:\/\/habitatgesocial.org\/es\/wp-json\/wp\/v2\/media?parent=6150"}],"curies":[{"name":"wp","href":"https:\/\/api.w.org\/{rel}","templated":true}]}}